{"version":"1.0","provider_name":"Colegio Coraz\u00f3n Inmaculado de Mar\u00eda","provider_url":"https:\/\/colegiocim.es\/ca\/","author_name":"P. Serra","author_url":"https:\/\/colegiocim.es\/ca\/author\/jmserra\/","title":"Avui \u00e9s Primer Dissabte de mes - Colegio Coraz\u00f3n Inmaculado de Mar\u00eda","type":"rich","width":600,"height":338,"html":"<blockquote class=\"wp-embedded-content\" data-secret=\"orsCWrhXMc\"><a href=\"https:\/\/colegiocim.es\/ca\/hoy-es-primer-sabado-de-mes\/\">Avui \u00e9s Primer Dissabte de mes<\/a><\/blockquote><iframe sandbox=\"allow-scripts\" security=\"restricted\" src=\"https:\/\/colegiocim.es\/ca\/hoy-es-primer-sabado-de-mes\/embed\/#?secret=orsCWrhXMc\" width=\"600\" height=\"338\" title=\"&#8220;Avui \u00e9s Primer Dissabte de mes&#8221; &#8212; Colegio Coraz\u00f3n Inmaculado de Mar\u00eda\" data-secret=\"orsCWrhXMc\" frameborder=\"0\" marginwidth=\"0\" marginheight=\"0\" scrolling=\"no\" class=\"wp-embedded-content\"><\/iframe><script>\n\/*! This file is auto-generated *\/\n!function(d,l){\"use strict\";l.querySelector&&d.addEventListener&&\"undefined\"!=typeof URL&&(d.wp=d.wp||{},d.wp.receiveEmbedMessage||(d.wp.receiveEmbedMessage=function(e){var t=e.data;if((t||t.secret||t.message||t.value)&&!\/[^a-zA-Z0-9]\/.test(t.secret)){for(var s,r,n,a=l.querySelectorAll('iframe[data-secret=\"'+t.secret+'\"]'),o=l.querySelectorAll('blockquote[data-secret=\"'+t.secret+'\"]'),c=new RegExp(\"^https?:$\",\"i\"),i=0;i<o.length;i++)o[i].style.display=\"none\";for(i=0;i<a.length;i++)s=a[i],e.source===s.contentWindow&&(s.removeAttribute(\"style\"),\"height\"===t.message?(1e3<(r=parseInt(t.value,10))?r=1e3:~~r<200&&(r=200),s.height=r):\"link\"===t.message&&(r=new URL(s.getAttribute(\"src\")),n=new URL(t.value),c.test(n.protocol))&&n.host===r.host&&l.activeElement===s&&(d.top.location.href=t.value))}},d.addEventListener(\"message\",d.wp.receiveEmbedMessage,!1),l.addEventListener(\"DOMContentLoaded\",function(){for(var e,t,s=l.querySelectorAll(\"iframe.wp-embedded-content\"),r=0;r<s.length;r++)(t=(e=s[r]).getAttribute(\"data-secret\"))||(t=Math.random().toString(36).substring(2,12),e.src+=\"#?secret=\"+t,e.setAttribute(\"data-secret\",t)),e.contentWindow.postMessage({message:\"ready\",secret:t},\"*\")},!1)))}(window,document);\n\/\/# sourceURL=https:\/\/colegiocim.es\/wp-includes\/js\/wp-embed.min.js\n<\/script>\n","thumbnail_url":"https:\/\/colegiocim.es\/wp-content\/uploads\/2025\/02\/virgen-de-fatima.jpg","thumbnail_width":600,"thumbnail_height":338,"description":"En F\u00e1tima, Nuestra Se\u00f1ora anunci\u00f3 que vendr\u00eda a pedir la Comuni\u00f3n reparadora de los primeros s\u00e1bados de mes, por ser el s\u00e1bado el d\u00eda en que, desde siglos atr\u00e1s, se honraba a la Sant\u00edsima Virgen. Pero no fue hasta el 10 de diciembre de 1925 que se cumpli\u00f3 aquel anuncio. Tuvo lugar en el monasterio de Santa Dorotea, en Tuy (Pontevedra), donde se encontraba Sor Luc\u00eda. \u00bfEn qu\u00e9 consiste esta devoci\u00f3n? Atendiendo a la petici\u00f3n de Nuestra Se\u00f1ora, sus fieles devotos podemos consolarla cumpliendo durante cinco primeros s\u00e1bados de mes consecutivos los siguientes requisitos: \u2022 Confesi\u00f3n (preferentemente ese mismo d\u00eda). \u2022 Asistir a la Santa Misa, recibiendo la Sagrada Comuni\u00f3n con intenci\u00f3n de reparar las ofensas contra el Coraz\u00f3n Inmaculado de Mar\u00eda. \u2022 Rezo del Santo Rosario. \u2022 Acompa\u00f1ar a Nuestra Se\u00f1ora al menos quince minutos, meditando los misterios del Rosario. \u00bfPor qu\u00e9 en s\u00e1bado? Santo Tom\u00e1s de Aquino dec\u00eda que el s\u00e1bado siguiente al Viernes Santo, la \u00fanica que permaneci\u00f3 firme en su fe fue Mar\u00eda, y por eso la Iglesia, para honrarla, le dedica ese d\u00eda. Promesas vinculadas a esta devoci\u00f3n Nuestra Se\u00f1ora realiz\u00f3 una significativa promesa: \u00abMira, hija m\u00eda, mi Coraz\u00f3n, cercado de espinas que los hombres ingratos me clavan continuamente con blasfemias e ingratitudes. T\u00fa, al menos, procura consolarme y di que todos aquellos que, durante cinco meses, en el Primer S\u00e1bado, se confiesen, reciban la Sagrada Comuni\u00f3n, recen el Rosario y me hagan quince minutos de compa\u00f1\u00eda, meditando en los quince misterios del Rosario, con el fin de desagraviarme, Yo prometo asistirles en la hora de la muerte con todas las gracias necesarias para la salvaci\u00f3n de estas almas\u00bb. Sin embargo, la raz\u00f3n principal de esta devoci\u00f3n debe ser el deseo de consolar al Coraz\u00f3n Inmaculado de Mar\u00eda a trav\u00e9s de la reparaci\u00f3n y el deseo de agradar m\u00e1s y mejor al Se\u00f1or."}