{"version":"1.0","provider_name":"Colegio Coraz\u00f3n Inmaculado de Mar\u00eda","provider_url":"https:\/\/colegiocim.es\/ca\/","author_name":"Mat\u00edas Cluet","author_url":"https:\/\/colegiocim.es\/ca\/author\/mcluet\/","title":"Nostra Senyora de F\u00e0tima - Colegio Coraz\u00f3n Inmaculado de Mar\u00eda","type":"rich","width":600,"height":338,"html":"<blockquote class=\"wp-embedded-content\" data-secret=\"TEPiXIWovW\"><a href=\"https:\/\/colegiocim.es\/ca\/nostra-senyora-de-fatima\/\">Nostra Senyora de F\u00e0tima<\/a><\/blockquote><iframe sandbox=\"allow-scripts\" security=\"restricted\" src=\"https:\/\/colegiocim.es\/ca\/nostra-senyora-de-fatima\/embed\/#?secret=TEPiXIWovW\" width=\"600\" height=\"338\" title=\"&#8220;Nostra Senyora de F\u00e0tima&#8221; &#8212; Colegio Coraz\u00f3n Inmaculado de Mar\u00eda\" data-secret=\"TEPiXIWovW\" frameborder=\"0\" marginwidth=\"0\" marginheight=\"0\" scrolling=\"no\" class=\"wp-embedded-content\"><\/iframe><script>\n\/*! This file is auto-generated *\/\n!function(d,l){\"use strict\";l.querySelector&&d.addEventListener&&\"undefined\"!=typeof URL&&(d.wp=d.wp||{},d.wp.receiveEmbedMessage||(d.wp.receiveEmbedMessage=function(e){var t=e.data;if((t||t.secret||t.message||t.value)&&!\/[^a-zA-Z0-9]\/.test(t.secret)){for(var s,r,n,a=l.querySelectorAll('iframe[data-secret=\"'+t.secret+'\"]'),o=l.querySelectorAll('blockquote[data-secret=\"'+t.secret+'\"]'),c=new RegExp(\"^https?:$\",\"i\"),i=0;i<o.length;i++)o[i].style.display=\"none\";for(i=0;i<a.length;i++)s=a[i],e.source===s.contentWindow&&(s.removeAttribute(\"style\"),\"height\"===t.message?(1e3<(r=parseInt(t.value,10))?r=1e3:~~r<200&&(r=200),s.height=r):\"link\"===t.message&&(r=new URL(s.getAttribute(\"src\")),n=new URL(t.value),c.test(n.protocol))&&n.host===r.host&&l.activeElement===s&&(d.top.location.href=t.value))}},d.addEventListener(\"message\",d.wp.receiveEmbedMessage,!1),l.addEventListener(\"DOMContentLoaded\",function(){for(var e,t,s=l.querySelectorAll(\"iframe.wp-embedded-content\"),r=0;r<s.length;r++)(t=(e=s[r]).getAttribute(\"data-secret\"))||(t=Math.random().toString(36).substring(2,12),e.src+=\"#?secret=\"+t,e.setAttribute(\"data-secret\",t)),e.contentWindow.postMessage({message:\"ready\",secret:t},\"*\")},!1)))}(window,document);\n\/\/# sourceURL=https:\/\/colegiocim.es\/wp-includes\/js\/wp-embed.min.js\n<\/script>\n","thumbnail_url":"https:\/\/colegiocim.es\/wp-content\/uploads\/2021\/06\/WhatsApp-Image-2021-05-13-at-11.03.49.jpeg","thumbnail_width":899,"thumbnail_height":1599,"description":"El nostre col\u00b7legi s&#8217;ha vestit de color per les diferents activitats en honor a La nostra Mare en aquest temps dedicat a ella. Primerament, aprofitant la festivitat de Nostra Senyora de F\u00e0tima, hem entronitzat en un lloc c\u00e8ntric de la nostra escola, una imatge de la Patrona del Col\u00b7legi perqu\u00e8 presideixi la nostra tasca educativa. [&hellip;]"}