{"id":2128,"date":"2021-11-10T20:22:27","date_gmt":"2021-11-10T19:22:27","guid":{"rendered":"https:\/\/colegiocim.es\/butlleti-quinzenal-cim\/"},"modified":"2022-05-20T14:06:04","modified_gmt":"2022-05-20T12:06:04","slug":"butlleti-cim","status":"publish","type":"page","link":"https:\/\/colegiocim.es\/ca\/butlleti-cim\/","title":{"rendered":"Butllet\u00ed CIM"},"content":{"rendered":"\t\t<div data-elementor-type=\"wp-page\" data-elementor-id=\"2128\" class=\"elementor elementor-2128 elementor-2072\" data-elementor-post-type=\"page\">\n\t\t\t\t\t\t<section class=\"elementor-section elementor-top-section elementor-element elementor-element-20fc8f36 elementor-section-boxed elementor-section-height-default elementor-section-height-default\" data-id=\"20fc8f36\" data-element_type=\"section\" data-e-type=\"section\">\n\t\t\t\t\t\t<div class=\"elementor-container elementor-column-gap-default\">\n\t\t\t\t\t<div class=\"elementor-column elementor-col-100 elementor-top-column elementor-element elementor-element-624189cc\" data-id=\"624189cc\" data-element_type=\"column\" data-e-type=\"column\">\n\t\t\t<div class=\"elementor-widget-wrap elementor-element-populated\">\n\t\t\t\t\t\t<div class=\"elementor-element elementor-element-58de8b74 elementor-widget elementor-widget-text-editor\" data-id=\"58de8b74\" data-element_type=\"widget\" data-e-type=\"widget\" data-widget_type=\"text-editor.default\">\n\t\t\t\t<div class=\"elementor-widget-container\">\n\t\t\t\t\t\t\t\t\t<p>Aqu\u00ed tens els butlletins que aquest any hem implantat a la nostra din\u00e0mica amb la finalitat de mantenir-vos informats del nostre dia a dia al Col\u00b7legi Cor Immaculat de Maria<\/p>\t\t\t\t\t\t\t\t<\/div>\n\t\t\t\t<\/div>\n\t\t\t\t<div class=\"elementor-element elementor-element-46595ec elementor-align-center elementor-icon-list--layout-traditional elementor-list-item-link-full_width elementor-widget elementor-widget-icon-list\" data-id=\"46595ec\" data-element_type=\"widget\" data-e-type=\"widget\" data-widget_type=\"icon-list.default\">\n\t\t\t\t<div class=\"elementor-widget-container\">\n\t\t\t\t\t\t\t<ul class=\"elementor-icon-list-items\">\n\t\t\t\t\t\t\t<li class=\"elementor-icon-list-item\">\n\t\t\t\t\t\t\t\t\t\t\t<a href=\"https:\/\/www.colegiocim.es\/desc\/boletin\/BOLETIN_N_1.pdf\" target=\"_blank\">\n\n\t\t\t\t\t\t\t\t\t\t\t\t<span class=\"elementor-icon-list-icon\">\n\t\t\t\t\t\t\t<i aria-hidden=\"true\" class=\"fas fa-file-pdf\"><\/i>\t\t\t\t\t\t<\/span>\n\t\t\t\t\t\t\t\t\t\t<span class=\"elementor-icon-list-text\">22 de setembre de 2021<\/span>\n\t\t\t\t\t\t\t\t\t\t\t<\/a>\n\t\t\t\t\t\t\t\t\t<\/li>\n\t\t\t\t\t\t\t\t<li class=\"elementor-icon-list-item\">\n\t\t\t\t\t\t\t\t\t\t\t<a href=\"https:\/\/www.colegiocim.es\/desc\/boletin\/BOLETIN_N_2.pdf\" target=\"_blank\">\n\n\t\t\t\t\t\t\t\t\t\t\t\t<span class=\"elementor-icon-list-icon\">\n\t\t\t\t\t\t\t<i aria-hidden=\"true\" class=\"fas fa-file-pdf\"><\/i>\t\t\t\t\t\t<\/span>\n\t\t\t\t\t\t\t\t\t\t<span class=\"elementor-icon-list-text\">7 d'octubre de 2021<\/span>\n\t\t\t\t\t\t\t\t\t\t\t<\/a>\n\t\t\t\t\t\t\t\t\t<\/li>\n\t\t\t\t\t\t\t\t<li class=\"elementor-icon-list-item\">\n\t\t\t\t\t\t\t\t\t\t\t<a href=\"https:\/\/www.colegiocim.es\/desc\/boletin\/BOLETIN_N_3.pdf\" target=\"_blank\">\n\n\t\t\t\t\t\t\t\t\t\t\t\t<span class=\"elementor-icon-list-icon\">\n\t\t\t\t\t\t\t<i aria-hidden=\"true\" class=\"fas fa-file-pdf\"><\/i>\t\t\t\t\t\t<\/span>\n\t\t\t\t\t\t\t\t\t\t<span class=\"elementor-icon-list-text\">22 d'octubre de 2021<\/span>\n\t\t\t\t\t\t\t\t\t\t\t<\/a>\n\t\t\t\t\t\t\t\t\t<\/li>\n\t\t\t\t\t\t\t\t<li class=\"elementor-icon-list-item\">\n\t\t\t\t\t\t\t\t\t\t\t<a href=\"https:\/\/www.colegiocim.es\/desc\/boletin\/BOLETIN_N_4.pdf\" target=\"_blank\">\n\n\t\t\t\t\t\t\t\t\t\t\t\t<span class=\"elementor-icon-list-icon\">\n\t\t\t\t\t\t\t<i aria-hidden=\"true\" class=\"fas fa-file-pdf\"><\/i>\t\t\t\t\t\t<\/span>\n\t\t\t\t\t\t\t\t\t\t<span class=\"elementor-icon-list-text\">4 de novembre de 2021<\/span>\n\t\t\t\t\t\t\t\t\t\t\t<\/a>\n\t\t\t\t\t\t\t\t\t<\/li>\n\t\t\t\t\t\t\t\t<li class=\"elementor-icon-list-item\">\n\t\t\t\t\t\t\t\t\t\t\t<a href=\"https:\/\/www.colegiocim.es\/desc\/boletin\/BOLETIN_N_5.pdf\" target=\"_blank\">\n\n\t\t\t\t\t\t\t\t\t\t\t\t<span class=\"elementor-icon-list-icon\">\n\t\t\t\t\t\t\t<i aria-hidden=\"true\" class=\"fas fa-file-pdf\"><\/i>\t\t\t\t\t\t<\/span>\n\t\t\t\t\t\t\t\t\t\t<span class=\"elementor-icon-list-text\">17 de novembre de 2021<\/span>\n\t\t\t\t\t\t\t\t\t\t\t<\/a>\n\t\t\t\t\t\t\t\t\t<\/li>\n\t\t\t\t\t\t\t\t<li class=\"elementor-icon-list-item\">\n\t\t\t\t\t\t\t\t\t\t\t<a href=\"https:\/\/www.colegiocim.es\/desc\/boletin\/BOLETIN_N_6.pdf\" target=\"_blank\">\n\n\t\t\t\t\t\t\t\t\t\t\t\t<span class=\"elementor-icon-list-icon\">\n\t\t\t\t\t\t\t<i aria-hidden=\"true\" class=\"fas fa-file-pdf\"><\/i>\t\t\t\t\t\t<\/span>\n\t\t\t\t\t\t\t\t\t\t<span class=\"elementor-icon-list-text\">1 de desembre de 2021<\/span>\n\t\t\t\t\t\t\t\t\t\t\t<\/a>\n\t\t\t\t\t\t\t\t\t<\/li>\n\t\t\t\t\t\t\t\t<li class=\"elementor-icon-list-item\">\n\t\t\t\t\t\t\t\t\t\t\t<a href=\"https:\/\/www.colegiocim.es\/desc\/boletin\/Adunto_BOLETIN_N_6.pdf\" target=\"_blank\">\n\n\t\t\t\t\t\t\t\t\t\t\t\t<span class=\"elementor-icon-list-icon\">\n\t\t\t\t\t\t\t<i aria-hidden=\"true\" class=\"fas fa-file-pdf\"><\/i>\t\t\t\t\t\t<\/span>\n\t\t\t\t\t\t\t\t\t\t<span class=\"elementor-icon-list-text\">Dia de families (Ntra. Sra. de La Salut)<\/span>\n\t\t\t\t\t\t\t\t\t\t\t<\/a>\n\t\t\t\t\t\t\t\t\t<\/li>\n\t\t\t\t\t\t\t\t<li class=\"elementor-icon-list-item\">\n\t\t\t\t\t\t\t\t\t\t\t<a href=\"https:\/\/www.colegiocim.es\/desc\/boletin\/BOLETIN_N_7_A.pdf\" target=\"_blank\">\n\n\t\t\t\t\t\t\t\t\t\t\t\t<span class=\"elementor-icon-list-icon\">\n\t\t\t\t\t\t\t<i aria-hidden=\"true\" class=\"fas fa-file-pdf\"><\/i>\t\t\t\t\t\t<\/span>\n\t\t\t\t\t\t\t\t\t\t<span class=\"elementor-icon-list-text\">15 de desembre de 2021<\/span>\n\t\t\t\t\t\t\t\t\t\t\t<\/a>\n\t\t\t\t\t\t\t\t\t<\/li>\n\t\t\t\t\t\t\t\t<li class=\"elementor-icon-list-item\">\n\t\t\t\t\t\t\t\t\t\t\t<a href=\"https:\/\/www.colegiocim.es\/desc\/boletin\/BOLETIN_N_7_B.pdf\" target=\"_blank\">\n\n\t\t\t\t\t\t\t\t\t\t\t\t<span class=\"elementor-icon-list-icon\">\n\t\t\t\t\t\t\t<i aria-hidden=\"true\" class=\"fas fa-file-pdf\"><\/i>\t\t\t\t\t\t<\/span>\n\t\t\t\t\t\t\t\t\t\t<span class=\"elementor-icon-list-text\">5 de gener de 2022<\/span>\n\t\t\t\t\t\t\t\t\t\t\t<\/a>\n\t\t\t\t\t\t\t\t\t<\/li>\n\t\t\t\t\t\t\t\t<li class=\"elementor-icon-list-item\">\n\t\t\t\t\t\t\t\t\t\t\t<a href=\"https:\/\/www.colegiocim.es\/desc\/boletin\/BOLETIN_N_8.pdf\" target=\"_blank\">\n\n\t\t\t\t\t\t\t\t\t\t\t\t<span class=\"elementor-icon-list-icon\">\n\t\t\t\t\t\t\t<i aria-hidden=\"true\" class=\"fas fa-file-pdf\"><\/i>\t\t\t\t\t\t<\/span>\n\t\t\t\t\t\t\t\t\t\t<span class=\"elementor-icon-list-text\">12 de gener de 2022<\/span>\n\t\t\t\t\t\t\t\t\t\t\t<\/a>\n\t\t\t\t\t\t\t\t\t<\/li>\n\t\t\t\t\t\t\t\t<li class=\"elementor-icon-list-item\">\n\t\t\t\t\t\t\t\t\t\t\t<a href=\"https:\/\/www.colegiocim.es\/desc\/boletin\/BOLETIN_N_9.pdf\" target=\"_blank\">\n\n\t\t\t\t\t\t\t\t\t\t\t\t<span class=\"elementor-icon-list-icon\">\n\t\t\t\t\t\t\t<i aria-hidden=\"true\" class=\"fas fa-file-pdf\"><\/i>\t\t\t\t\t\t<\/span>\n\t\t\t\t\t\t\t\t\t\t<span class=\"elementor-icon-list-text\">11 de febrer de 2022<\/span>\n\t\t\t\t\t\t\t\t\t\t\t<\/a>\n\t\t\t\t\t\t\t\t\t<\/li>\n\t\t\t\t\t\t\t\t<li class=\"elementor-icon-list-item\">\n\t\t\t\t\t\t\t\t\t\t\t<a href=\"https:\/\/www.colegiocim.es\/desc\/boletin\/BOLETIN_N_10.pdf\" target=\"_blank\">\n\n\t\t\t\t\t\t\t\t\t\t\t\t<span class=\"elementor-icon-list-icon\">\n\t\t\t\t\t\t\t<i aria-hidden=\"true\" class=\"fas fa-file-pdf\"><\/i>\t\t\t\t\t\t<\/span>\n\t\t\t\t\t\t\t\t\t\t<span class=\"elementor-icon-list-text\">12 de mar\u00e7 de 2022<\/span>\n\t\t\t\t\t\t\t\t\t\t\t<\/a>\n\t\t\t\t\t\t\t\t\t<\/li>\n\t\t\t\t\t\t\t\t<li class=\"elementor-icon-list-item\">\n\t\t\t\t\t\t\t\t\t\t\t<a href=\"https:\/\/www.colegiocim.es\/desc\/boletin\/BOLETIN_N_11.pdf\" target=\"_blank\">\n\n\t\t\t\t\t\t\t\t\t\t\t\t<span class=\"elementor-icon-list-icon\">\n\t\t\t\t\t\t\t<i aria-hidden=\"true\" class=\"fas fa-file-pdf\"><\/i>\t\t\t\t\t\t<\/span>\n\t\t\t\t\t\t\t\t\t\t<span class=\"elementor-icon-list-text\">17 de maig de 2022<\/span>\n\t\t\t\t\t\t\t\t\t\t\t<\/a>\n\t\t\t\t\t\t\t\t\t<\/li>\n\t\t\t\t\t\t<\/ul>\n\t\t\t\t\t\t<\/div>\n\t\t\t\t<\/div>\n\t\t\t\t<div class=\"elementor-element elementor-element-56ce968 elementor-widget elementor-widget-spacer\" data-id=\"56ce968\" data-element_type=\"widget\" data-e-type=\"widget\" data-widget_type=\"spacer.default\">\n\t\t\t\t<div class=\"elementor-widget-container\">\n\t\t\t\t\t\t\t<div class=\"elementor-spacer\">\n\t\t\t<div class=\"elementor-spacer-inner\"><\/div>\n\t\t<\/div>\n\t\t\t\t\t\t<\/div>\n\t\t\t\t<\/div>\n\t\t\t\t\t<\/div>\n\t\t<\/div>\n\t\t\t\t\t<\/div>\n\t\t<\/section>\n\t\t\t\t<\/div>\n\t\t","protected":false},"excerpt":{"rendered":"<p>Aqu\u00ed tens els butlletins que aquest any hem implantat a la nostra din\u00e0mica amb la finalitat de mantenir-vos informats del nostre dia a dia al Col\u00b7legi Cor Immaculat de Maria 22 de setembre de 2021 7 d&#8217;octubre de 2021 22 d&#8217;octubre de 2021 4 de novembre de 2021 17 de novembre de 2021 1 de [&hellip;]<\/p>\n","protected":false},"author":6,"featured_media":0,"parent":0,"menu_order":0,"comment_status":"closed","ping_status":"closed","template":"","meta":{"footnotes":""},"class_list":["post-2128","page","type-page","status-publish","hentry"],"yoast_head":"<!-- This site is optimized with the Yoast SEO plugin v27.5 - https:\/\/yoast.com\/product\/yoast-seo-wordpress\/ -->\n<title>Butllet\u00ed CIM - Colegio Coraz\u00f3n Inmaculado de Mar\u00eda<\/title>\n<meta name=\"robots\" content=\"index, follow, max-snippet:-1, max-image-preview:large, max-video-preview:-1\" \/>\n<link rel=\"canonical\" href=\"https:\/\/colegiocim.es\/ca\/butlleti-cim\/\" \/>\n<meta property=\"og:locale\" content=\"ca_ES\" \/>\n<meta property=\"og:type\" content=\"article\" \/>\n<meta property=\"og:title\" content=\"Butllet\u00ed CIM - Colegio Coraz\u00f3n Inmaculado de Mar\u00eda\" \/>\n<meta property=\"og:description\" content=\"Aqu\u00ed tens els butlletins que aquest any hem implantat a la nostra din\u00e0mica amb la finalitat de mantenir-vos informats del nostre dia a dia al Col\u00b7legi Cor Immaculat de Maria 22 de setembre de 2021 7 d&#8217;octubre de 2021 22 d&#8217;octubre de 2021 4 de novembre de 2021 17 de novembre de 2021 1 de [&hellip;]\" \/>\n<meta property=\"og:url\" content=\"https:\/\/colegiocim.es\/ca\/butlleti-cim\/\" \/>\n<meta property=\"og:site_name\" content=\"Colegio Coraz\u00f3n Inmaculado de Mar\u00eda\" \/>\n<meta property=\"article:publisher\" content=\"https:\/\/facebook.com\/colegiocim\" \/>\n<meta property=\"article:modified_time\" content=\"2022-05-20T12:06:04+00:00\" \/>\n<meta name=\"twitter:card\" content=\"summary_large_image\" \/>\n<meta name=\"twitter:site\" content=\"@cimsentmenat\" \/>\n<meta name=\"twitter:label1\" content=\"Temps estimat de lectura\" \/>\n\t<meta name=\"twitter:data1\" content=\"1 minut\" \/>\n<script type=\"application\/ld+json\" class=\"yoast-schema-graph\">{\"@context\":\"https:\\\/\\\/schema.org\",\"@graph\":[{\"@type\":\"WebPage\",\"@id\":\"https:\\\/\\\/colegiocim.es\\\/ca\\\/butlleti-cim\\\/\",\"url\":\"https:\\\/\\\/colegiocim.es\\\/ca\\\/butlleti-cim\\\/\",\"name\":\"Butllet\u00ed CIM - Colegio Coraz\u00f3n Inmaculado de Mar\u00eda\",\"isPartOf\":{\"@id\":\"https:\\\/\\\/colegiocim.es\\\/#website\"},\"datePublished\":\"2021-11-10T19:22:27+00:00\",\"dateModified\":\"2022-05-20T12:06:04+00:00\",\"breadcrumb\":{\"@id\":\"https:\\\/\\\/colegiocim.es\\\/ca\\\/butlleti-cim\\\/#breadcrumb\"},\"inLanguage\":\"ca\",\"potentialAction\":[{\"@type\":\"ReadAction\",\"target\":[\"https:\\\/\\\/colegiocim.es\\\/ca\\\/butlleti-cim\\\/\"]}]},{\"@type\":\"BreadcrumbList\",\"@id\":\"https:\\\/\\\/colegiocim.es\\\/ca\\\/butlleti-cim\\\/#breadcrumb\",\"itemListElement\":[{\"@type\":\"ListItem\",\"position\":1,\"name\":\"Portada\",\"item\":\"https:\\\/\\\/colegiocim.es\\\/ca\\\/\"},{\"@type\":\"ListItem\",\"position\":2,\"name\":\"Butllet\u00ed CIM\"}]},{\"@type\":\"WebSite\",\"@id\":\"https:\\\/\\\/colegiocim.es\\\/#website\",\"url\":\"https:\\\/\\\/colegiocim.es\\\/\",\"name\":\"Colegio Coraz\u00f3n Inmaculado de Mar\u00eda\",\"description\":\"Colegio privado cat\u00f3lico en Sentmenat\",\"publisher\":{\"@id\":\"https:\\\/\\\/colegiocim.es\\\/#organization\"},\"potentialAction\":[{\"@type\":\"SearchAction\",\"target\":{\"@type\":\"EntryPoint\",\"urlTemplate\":\"https:\\\/\\\/colegiocim.es\\\/?s={search_term_string}\"},\"query-input\":{\"@type\":\"PropertyValueSpecification\",\"valueRequired\":true,\"valueName\":\"search_term_string\"}}],\"inLanguage\":\"ca\"},{\"@type\":\"Organization\",\"@id\":\"https:\\\/\\\/colegiocim.es\\\/#organization\",\"name\":\"Colegio Coraz\u00f3n Inmaculado de Mar\u00eda\",\"url\":\"https:\\\/\\\/colegiocim.es\\\/\",\"logo\":{\"@type\":\"ImageObject\",\"inLanguage\":\"ca\",\"@id\":\"https:\\\/\\\/colegiocim.es\\\/#\\\/schema\\\/logo\\\/image\\\/\",\"url\":\"https:\\\/\\\/www.colegiocim.es\\\/wp-content\\\/uploads\\\/2021\\\/03\\\/CCIM-ESP.png\",\"contentUrl\":\"https:\\\/\\\/www.colegiocim.es\\\/wp-content\\\/uploads\\\/2021\\\/03\\\/CCIM-ESP.png\",\"width\":357,\"height\":86,\"caption\":\"Colegio Coraz\u00f3n Inmaculado de Mar\u00eda\"},\"image\":{\"@id\":\"https:\\\/\\\/colegiocim.es\\\/#\\\/schema\\\/logo\\\/image\\\/\"},\"sameAs\":[\"https:\\\/\\\/facebook.com\\\/colegiocim\",\"https:\\\/\\\/x.com\\\/cimsentmenat\"]}]}<\/script>\n<!-- \/ Yoast SEO plugin. -->","yoast_head_json":{"title":"Butllet\u00ed CIM - Colegio Coraz\u00f3n Inmaculado de Mar\u00eda","robots":{"index":"index","follow":"follow","max-snippet":"max-snippet:-1","max-image-preview":"max-image-preview:large","max-video-preview":"max-video-preview:-1"},"canonical":"https:\/\/colegiocim.es\/ca\/butlleti-cim\/","og_locale":"ca_ES","og_type":"article","og_title":"Butllet\u00ed CIM - Colegio Coraz\u00f3n Inmaculado de Mar\u00eda","og_description":"Aqu\u00ed tens els butlletins que aquest any hem implantat a la nostra din\u00e0mica amb la finalitat de mantenir-vos informats del nostre dia a dia al Col\u00b7legi Cor Immaculat de Maria 22 de setembre de 2021 7 d&#8217;octubre de 2021 22 d&#8217;octubre de 2021 4 de novembre de 2021 17 de novembre de 2021 1 de [&hellip;]","og_url":"https:\/\/colegiocim.es\/ca\/butlleti-cim\/","og_site_name":"Colegio Coraz\u00f3n Inmaculado de Mar\u00eda","article_publisher":"https:\/\/facebook.com\/colegiocim","article_modified_time":"2022-05-20T12:06:04+00:00","twitter_card":"summary_large_image","twitter_site":"@cimsentmenat","twitter_misc":{"Temps estimat de lectura":"1 minut"},"schema":{"@context":"https:\/\/schema.org","@graph":[{"@type":"WebPage","@id":"https:\/\/colegiocim.es\/ca\/butlleti-cim\/","url":"https:\/\/colegiocim.es\/ca\/butlleti-cim\/","name":"Butllet\u00ed CIM - Colegio Coraz\u00f3n Inmaculado de Mar\u00eda","isPartOf":{"@id":"https:\/\/colegiocim.es\/#website"},"datePublished":"2021-11-10T19:22:27+00:00","dateModified":"2022-05-20T12:06:04+00:00","breadcrumb":{"@id":"https:\/\/colegiocim.es\/ca\/butlleti-cim\/#breadcrumb"},"inLanguage":"ca","potentialAction":[{"@type":"ReadAction","target":["https:\/\/colegiocim.es\/ca\/butlleti-cim\/"]}]},{"@type":"BreadcrumbList","@id":"https:\/\/colegiocim.es\/ca\/butlleti-cim\/#breadcrumb","itemListElement":[{"@type":"ListItem","position":1,"name":"Portada","item":"https:\/\/colegiocim.es\/ca\/"},{"@type":"ListItem","position":2,"name":"Butllet\u00ed CIM"}]},{"@type":"WebSite","@id":"https:\/\/colegiocim.es\/#website","url":"https:\/\/colegiocim.es\/","name":"Colegio Coraz\u00f3n Inmaculado de Mar\u00eda","description":"Colegio privado cat\u00f3lico en Sentmenat","publisher":{"@id":"https:\/\/colegiocim.es\/#organization"},"potentialAction":[{"@type":"SearchAction","target":{"@type":"EntryPoint","urlTemplate":"https:\/\/colegiocim.es\/?s={search_term_string}"},"query-input":{"@type":"PropertyValueSpecification","valueRequired":true,"valueName":"search_term_string"}}],"inLanguage":"ca"},{"@type":"Organization","@id":"https:\/\/colegiocim.es\/#organization","name":"Colegio Coraz\u00f3n Inmaculado de Mar\u00eda","url":"https:\/\/colegiocim.es\/","logo":{"@type":"ImageObject","inLanguage":"ca","@id":"https:\/\/colegiocim.es\/#\/schema\/logo\/image\/","url":"https:\/\/www.colegiocim.es\/wp-content\/uploads\/2021\/03\/CCIM-ESP.png","contentUrl":"https:\/\/www.colegiocim.es\/wp-content\/uploads\/2021\/03\/CCIM-ESP.png","width":357,"height":86,"caption":"Colegio Coraz\u00f3n Inmaculado de Mar\u00eda"},"image":{"@id":"https:\/\/colegiocim.es\/#\/schema\/logo\/image\/"},"sameAs":["https:\/\/facebook.com\/colegiocim","https:\/\/x.com\/cimsentmenat"]}]}},"_links":{"self":[{"href":"https:\/\/colegiocim.es\/ca\/wp-json\/wp\/v2\/pages\/2128","targetHints":{"allow":["GET"]}}],"collection":[{"href":"https:\/\/colegiocim.es\/ca\/wp-json\/wp\/v2\/pages"}],"about":[{"href":"https:\/\/colegiocim.es\/ca\/wp-json\/wp\/v2\/types\/page"}],"author":[{"embeddable":true,"href":"https:\/\/colegiocim.es\/ca\/wp-json\/wp\/v2\/users\/6"}],"replies":[{"embeddable":true,"href":"https:\/\/colegiocim.es\/ca\/wp-json\/wp\/v2\/comments?post=2128"}],"version-history":[{"count":0,"href":"https:\/\/colegiocim.es\/ca\/wp-json\/wp\/v2\/pages\/2128\/revisions"}],"wp:attachment":[{"href":"https:\/\/colegiocim.es\/ca\/wp-json\/wp\/v2\/media?parent=2128"}],"curies":[{"name":"wp","href":"https:\/\/api.w.org\/{rel}","templated":true}]}}