{"id":892,"date":"2021-03-02T14:50:09","date_gmt":"2021-03-02T13:50:09","guid":{"rendered":"https:\/\/colegiocim.es\/educacio-primaria\/"},"modified":"2025-01-30T17:35:13","modified_gmt":"2025-01-30T16:35:13","slug":"educacio-primaria","status":"publish","type":"page","link":"https:\/\/colegiocim.es\/ca\/educacio-primaria\/","title":{"rendered":"Educaci\u00f3 Prim\u00e0ria"},"content":{"rendered":"\t\t<div data-elementor-type=\"wp-page\" data-elementor-id=\"892\" class=\"elementor elementor-892 elementor-467\" data-elementor-post-type=\"page\">\n\t\t\t\t\t\t<section class=\"elementor-section elementor-top-section elementor-element elementor-element-27ae33c4 elementor-section-boxed elementor-section-height-default elementor-section-height-default\" data-id=\"27ae33c4\" data-element_type=\"section\" data-e-type=\"section\">\n\t\t\t\t\t\t<div class=\"elementor-container elementor-column-gap-default\">\n\t\t\t\t\t<div class=\"elementor-column elementor-col-25 elementor-top-column elementor-element elementor-element-29d47028\" data-id=\"29d47028\" data-element_type=\"column\" data-e-type=\"column\">\n\t\t\t<div class=\"elementor-widget-wrap\">\n\t\t\t\t\t\t\t<\/div>\n\t\t<\/div>\n\t\t\t\t<div class=\"elementor-column elementor-col-50 elementor-top-column elementor-element elementor-element-7f39a20e\" data-id=\"7f39a20e\" data-element_type=\"column\" data-e-type=\"column\">\n\t\t\t<div class=\"elementor-widget-wrap elementor-element-populated\">\n\t\t\t\t\t\t<div class=\"elementor-element elementor-element-6c9222b3 elementor-view-stacked icociclos elementor-shape-circle elementor-position-block-start elementor-mobile-position-block-start elementor-widget elementor-widget-icon-box\" data-id=\"6c9222b3\" data-element_type=\"widget\" data-e-type=\"widget\" data-widget_type=\"icon-box.default\">\n\t\t\t\t<div class=\"elementor-widget-container\">\n\t\t\t\t\t\t\t<div class=\"elementor-icon-box-wrapper\">\n\n\t\t\t\t\t\t<div class=\"elementor-icon-box-icon\">\n\t\t\t\t<a href=\"#\" class=\"elementor-icon\" tabindex=\"-1\" aria-label=\"Educaci\u00f3 Prim\u00e0ria\">\n\t\t\t\t<svg xmlns=\"http:\/\/www.w3.org\/2000\/svg\" width=\"65.66\" height=\"75.135\" viewBox=\"0 0 65.66 75.135\"><g id=\"Grupo_134\" data-name=\"Grupo 134\" transform=\"translate(-246.989 -113.358)\"><path id=\"Trazado_78\" data-name=\"Trazado 78\" d=\"M304.94,193.877H272.7a.958.958,0,0,0-.957.957v10.42a6.388,6.388,0,0,0,6.381,6.38h21.39a6.387,6.387,0,0,0,6.381-6.38v-10.42A.957.957,0,0,0,304.94,193.877Zm-31.28,1.914h30.324v2.04a4.33,4.33,0,0,1-4.326,4.324H277.984a4.329,4.329,0,0,1-4.324-4.324Zm25.856,13.929h-21.39a4.472,4.472,0,0,1-4.467-4.466v-2.945a6.206,6.206,0,0,0,4.324,1.76h21.675a6.21,6.21,0,0,0,4.326-1.76v2.945A4.472,4.472,0,0,1,299.517,209.72Z\" transform=\"translate(-9.002 -29.278)\" fill=\"#fff\"><\/path><path id=\"Trazado_79\" data-name=\"Trazado 79\" d=\"M308.768,160.375h-3.047c-.131-.381-.265-.76-.427-1.131l-5.329-12.217a16.425,16.425,0,0,0,3.72-10.374V127.3a.957.957,0,0,0-.956-.956h-8.361l1.609-9.22a3.218,3.218,0,0,0-3.169-3.769h-4.548a3.213,3.213,0,0,0-3.169,2.663l-1.8,10.327h-6.937l-1.8-10.327a3.21,3.21,0,0,0-3.169-2.663H266.83a3.218,3.218,0,0,0-3.169,3.769l1.611,9.22h-8.36a.957.957,0,0,0-.957.956v9.349a16.42,16.42,0,0,0,3.721,10.374l-5.331,12.217c-.162.372-.3.751-.426,1.131H250.87a3.885,3.885,0,0,0-3.881,3.881v12.216a9.374,9.374,0,0,0,9.362,9.363h1.031a11.442,11.442,0,0,0,7.281,2.658h30.31a11.443,11.443,0,0,0,7.281-2.658h1.031a9.374,9.374,0,0,0,9.362-9.363V164.257A3.885,3.885,0,0,0,308.768,160.375ZM286.977,116.35a1.3,1.3,0,0,1,1.284-1.077h4.548a1.3,1.3,0,0,1,1.282,1.526l-1.667,9.549h-7.192Zm-21.429.449a1.3,1.3,0,0,1,1.282-1.526h4.548a1.3,1.3,0,0,1,1.282,1.077l1.747,10h-7.192Zm-7.68,11.463h43.9v8.392a14.636,14.636,0,0,1-7.649,12.823v-.762a4.388,4.388,0,0,0-4.383-4.383h-1.57a4.388,4.388,0,0,0-4.382,4.383v2.612h-7.935v-2.612a4.388,4.388,0,0,0-4.382-4.383H269.9a4.388,4.388,0,0,0-4.383,4.383v.761a14.636,14.636,0,0,1-7.649-12.822Zm34.34,20.453v6.994a2.472,2.472,0,0,1-2.469,2.469h-1.57a2.472,2.472,0,0,1-2.469-2.469v-6.994a2.472,2.472,0,0,1,2.469-2.469h1.57A2.472,2.472,0,0,1,292.208,148.714Zm-18.269,0v6.994a2.472,2.472,0,0,1-2.469,2.469H269.9a2.472,2.472,0,0,1-2.47-2.469v-6.994a2.472,2.472,0,0,1,2.47-2.469h1.57A2.472,2.472,0,0,1,273.939,148.714ZM248.9,176.473V164.257a1.969,1.969,0,0,1,1.968-1.968H253.4a14.793,14.793,0,0,0-.286,2.871v11.78a11.445,11.445,0,0,0,2.336,6.891A7.434,7.434,0,0,1,248.9,176.473Zm15.761,10.107a9.652,9.652,0,0,1-9.641-9.641V165.16a12.8,12.8,0,0,1,1.075-5.151l4.991-11.438a16.631,16.631,0,0,0,4.427,3.041v4.1a4.387,4.387,0,0,0,4.383,4.382h1.57a4.387,4.387,0,0,0,4.382-4.382v-2.469h7.935v2.469a4.388,4.388,0,0,0,4.382,4.382h1.57a4.388,4.388,0,0,0,4.383-4.382v-4.1a16.621,16.621,0,0,0,4.427-3.041l4.99,11.438a12.8,12.8,0,0,1,1.076,5.151v11.78a9.652,9.652,0,0,1-9.641,9.641Zm46.072-10.107a7.434,7.434,0,0,1-6.542,7.357,11.445,11.445,0,0,0,2.336-6.891V165.16a14.741,14.741,0,0,0-.287-2.871h2.526a1.969,1.969,0,0,1,1.968,1.968Z\" transform=\"translate(0 0)\" fill=\"#fff\"><\/path><\/g><\/svg>\t\t\t\t<\/a>\n\t\t\t<\/div>\n\t\t\t\n\t\t\t\t\t\t<div class=\"elementor-icon-box-content\">\n\n\t\t\t\t\t\t\t\t\t<div class=\"elementor-icon-box-title\">\n\t\t\t\t\t\t<a href=\"#\" >\n\t\t\t\t\t\t\tEducaci\u00f3 Prim\u00e0ria\t\t\t\t\t\t<\/a>\n\t\t\t\t\t<\/div>\n\t\t\t\t\n\t\t\t\t\t\t\t\t\t<p class=\"elementor-icon-box-description\">\n\t\t\t\t\t\tL'etapa d'Educaci\u00f3 Prim\u00e0ria, de car\u00e0cter obligatori, acull a nens i nenes dels 6 als 12 anys. En aquesta etapa es posa la base que permetr\u00e0 aprendre de manera aut\u00f2noma al llarg de la vida.\t\t\t\t\t<\/p>\n\t\t\t\t\n\t\t\t<\/div>\n\t\t\t\n\t\t<\/div>\n\t\t\t\t\t\t<\/div>\n\t\t\t\t<\/div>\n\t\t\t\t\t<\/div>\n\t\t<\/div>\n\t\t\t\t<div class=\"elementor-column elementor-col-25 elementor-top-column elementor-element elementor-element-77177c40\" data-id=\"77177c40\" data-element_type=\"column\" data-e-type=\"column\">\n\t\t\t<div class=\"elementor-widget-wrap\">\n\t\t\t\t\t\t\t<\/div>\n\t\t<\/div>\n\t\t\t\t\t<\/div>\n\t\t<\/section>\n\t\t\t\t<section class=\"elementor-section elementor-top-section elementor-element elementor-element-3ebf1d7d elementor-section-content-middle elementor-section-boxed elementor-section-height-default elementor-section-height-default\" data-id=\"3ebf1d7d\" data-element_type=\"section\" data-e-type=\"section\" data-settings=\"{&quot;background_background&quot;:&quot;classic&quot;,&quot;shape_divider_top&quot;:&quot;curve&quot;,&quot;shape_divider_top_negative&quot;:&quot;yes&quot;}\">\n\t\t\t\t\t<div class=\"elementor-shape elementor-shape-top\" aria-hidden=\"true\" data-negative=\"true\">\n\t\t\t<svg xmlns=\"http:\/\/www.w3.org\/2000\/svg\" viewBox=\"0 0 1000 100\" preserveAspectRatio=\"none\">\n\t<path class=\"elementor-shape-fill\" d=\"M500,97C126.7,96.3,0.8,19.8,0,0v100l1000,0V1C1000,19.4,873.3,97.8,500,97z\"\/>\n<\/svg>\t\t<\/div>\n\t\t\t\t\t<div class=\"elementor-container elementor-column-gap-default\">\n\t\t\t\t\t<div class=\"elementor-column elementor-col-50 elementor-top-column elementor-element elementor-element-1a0a121\" data-id=\"1a0a121\" data-element_type=\"column\" data-e-type=\"column\">\n\t\t\t<div class=\"elementor-widget-wrap elementor-element-populated\">\n\t\t\t\t\t\t<div class=\"elementor-element elementor-element-7c4bf467 tituloizq elementor-widget elementor-widget-heading\" data-id=\"7c4bf467\" data-element_type=\"widget\" data-e-type=\"widget\" data-widget_type=\"heading.default\">\n\t\t\t\t<div class=\"elementor-widget-container\">\n\t\t\t\t\t<span class=\"elementor-heading-title elementor-size-default\">Finalitat del cicle:<\/span>\t\t\t\t<\/div>\n\t\t\t\t<\/div>\n\t\t\t\t<div class=\"elementor-element elementor-element-47c8d330 elementor-position-inline-start elementor-view-default elementor-mobile-position-block-start elementor-widget elementor-widget-icon-box\" data-id=\"47c8d330\" data-element_type=\"widget\" data-e-type=\"widget\" data-widget_type=\"icon-box.default\">\n\t\t\t\t<div class=\"elementor-widget-container\">\n\t\t\t\t\t\t\t<div class=\"elementor-icon-box-wrapper\">\n\n\t\t\t\t\t\t<div class=\"elementor-icon-box-icon\">\n\t\t\t\t<span  class=\"elementor-icon\">\n\t\t\t\t<svg xmlns=\"http:\/\/www.w3.org\/2000\/svg\" width=\"32\" height=\"32\" viewBox=\"0 0 32 32\"><title>checkmark-circle<\/title><path d=\"M15.2 32c-4.061 0-7.877-1.581-10.749-4.451s-4.451-6.688-4.451-10.747c0-4.061 1.581-7.877 4.451-10.749s6.688-4.453 10.749-4.453c4.061 0 7.877 1.581 10.749 4.453s4.451 6.688 4.451 10.749-1.581 7.877-4.451 10.747c-2.87 2.87-6.688 4.451-10.749 4.451zM15.2 3.2c-7.499 0-13.6 6.101-13.6 13.6s6.101 13.6 13.6 13.6 13.6-6.101 13.6-13.6-6.101-13.6-13.6-13.6zM12 23.2c-0.205 0-0.41-0.078-0.566-0.234l-4.8-4.8c-0.312-0.312-0.312-0.819 0-1.131s0.819-0.312 1.131 0l4.234 4.234 10.634-10.634c0.312-0.312 0.819-0.312 1.131 0s0.312 0.819 0 1.131l-11.2 11.2c-0.157 0.157-0.362 0.234-0.566 0.234z\"><\/path><\/svg>\t\t\t\t<\/span>\n\t\t\t<\/div>\n\t\t\t\n\t\t\t\t\t\t<div class=\"elementor-icon-box-content\">\n\n\t\t\t\t\t\t\t\t\t<span class=\"elementor-icon-box-title\">\n\t\t\t\t\t\t<span  >\n\t\t\t\t\t\t\tL'expressi\u00f3\t\t\t\t\t\t<\/span>\n\t\t\t\t\t<\/span>\n\t\t\t\t\n\t\t\t\t\t\t\t\t\t<p class=\"elementor-icon-box-description\">\n\t\t\t\t\t\tFacilitar aprenentatges com l'expressi\u00f3 i la comprensi\u00f3 oral, l'escriptura, la lectura, el c\u00e0lcul, l'adquisici\u00f3 de nocions b\u00e0siques de la cultura, els h\u00e0bits de conviv\u00e8ncia, d'estudi i de treball, el sentit art\u00edstic, la creativitat i l'afectivitat.\t\t\t\t\t<\/p>\n\t\t\t\t\n\t\t\t<\/div>\n\t\t\t\n\t\t<\/div>\n\t\t\t\t\t\t<\/div>\n\t\t\t\t<\/div>\n\t\t\t\t<div class=\"elementor-element elementor-element-1444d229 elementor-position-inline-start elementor-view-default elementor-mobile-position-block-start elementor-widget elementor-widget-icon-box\" data-id=\"1444d229\" data-element_type=\"widget\" data-e-type=\"widget\" data-widget_type=\"icon-box.default\">\n\t\t\t\t<div class=\"elementor-widget-container\">\n\t\t\t\t\t\t\t<div class=\"elementor-icon-box-wrapper\">\n\n\t\t\t\t\t\t<div class=\"elementor-icon-box-icon\">\n\t\t\t\t<span  class=\"elementor-icon\">\n\t\t\t\t<svg xmlns=\"http:\/\/www.w3.org\/2000\/svg\" width=\"32\" height=\"32\" viewBox=\"0 0 32 32\"><title>checkmark-circle<\/title><path d=\"M15.2 32c-4.061 0-7.877-1.581-10.749-4.451s-4.451-6.688-4.451-10.747c0-4.061 1.581-7.877 4.451-10.749s6.688-4.453 10.749-4.453c4.061 0 7.877 1.581 10.749 4.453s4.451 6.688 4.451 10.749-1.581 7.877-4.451 10.747c-2.87 2.87-6.688 4.451-10.749 4.451zM15.2 3.2c-7.499 0-13.6 6.101-13.6 13.6s6.101 13.6 13.6 13.6 13.6-6.101 13.6-13.6-6.101-13.6-13.6-13.6zM12 23.2c-0.205 0-0.41-0.078-0.566-0.234l-4.8-4.8c-0.312-0.312-0.312-0.819 0-1.131s0.819-0.312 1.131 0l4.234 4.234 10.634-10.634c0.312-0.312 0.819-0.312 1.131 0s0.312 0.819 0 1.131l-11.2 11.2c-0.157 0.157-0.362 0.234-0.566 0.234z\"><\/path><\/svg>\t\t\t\t<\/span>\n\t\t\t<\/div>\n\t\t\t\n\t\t\t\t\t\t<div class=\"elementor-icon-box-content\">\n\n\t\t\t\t\t\t\t\t\t<span class=\"elementor-icon-box-title\">\n\t\t\t\t\t\t<span  >\n\t\t\t\t\t\t\tFormaci\u00f3 integral\t\t\t\t\t\t<\/span>\n\t\t\t\t\t<\/span>\n\t\t\t\t\n\t\t\t\t\t\t\t\t\t<p class=\"elementor-icon-box-description\">\n\t\t\t\t\t\tGarantir a l'alumnat una formaci\u00f3 integral i preparar-lo per assolir les compet\u00e8ncies b\u00e0siques, a l'acabar l'ensenyament obligatori, que s\u00f3n la base per continuar l'aprenentatge al llarg de la vida i per poder desenvolupar projectes individuals i colectius.\t\t\t\t\t<\/p>\n\t\t\t\t\n\t\t\t<\/div>\n\t\t\t\n\t\t<\/div>\n\t\t\t\t\t\t<\/div>\n\t\t\t\t<\/div>\n\t\t\t\t\t<\/div>\n\t\t<\/div>\n\t\t\t\t<div class=\"elementor-column elementor-col-50 elementor-top-column elementor-element elementor-element-41b852a7\" data-id=\"41b852a7\" data-element_type=\"column\" data-e-type=\"column\">\n\t\t\t<div class=\"elementor-widget-wrap elementor-element-populated\">\n\t\t\t\t\t\t<div class=\"elementor-element elementor-element-2a522f57 elementor-widget elementor-widget-image\" data-id=\"2a522f57\" data-element_type=\"widget\" data-e-type=\"widget\" data-widget_type=\"image.default\">\n\t\t\t\t<div class=\"elementor-widget-container\">\n\t\t\t\t\t\t\t\t\t\t\t\t\t\t\t<img fetchpriority=\"high\" decoding=\"async\" width=\"1000\" height=\"667\" src=\"https:\/\/colegiocim.es\/wp-content\/uploads\/2021\/03\/Cim-173.jpg\" class=\"attachment-full size-full wp-image-524\" alt=\"\" srcset=\"https:\/\/colegiocim.es\/wp-content\/uploads\/2021\/03\/Cim-173.jpg 1000w, https:\/\/colegiocim.es\/wp-content\/uploads\/2021\/03\/Cim-173-300x200.jpg 300w, https:\/\/colegiocim.es\/wp-content\/uploads\/2021\/03\/Cim-173-768x512.jpg 768w\" sizes=\"(max-width: 1000px) 100vw, 1000px\" \/>\t\t\t\t\t\t\t\t\t\t\t\t\t\t\t<\/div>\n\t\t\t\t<\/div>\n\t\t\t\t\t<\/div>\n\t\t<\/div>\n\t\t\t\t\t<\/div>\n\t\t<\/section>\n\t\t\t\t<section class=\"elementor-section elementor-top-section elementor-element elementor-element-1f9e9828 elementor-section-boxed elementor-section-height-default elementor-section-height-default\" data-id=\"1f9e9828\" data-element_type=\"section\" data-e-type=\"section\">\n\t\t\t\t\t\t<div class=\"elementor-container elementor-column-gap-default\">\n\t\t\t\t\t<div class=\"elementor-column elementor-col-16 elementor-top-column elementor-element elementor-element-2f5e8bd2\" data-id=\"2f5e8bd2\" data-element_type=\"column\" data-e-type=\"column\">\n\t\t\t<div class=\"elementor-widget-wrap\">\n\t\t\t\t\t\t\t<\/div>\n\t\t<\/div>\n\t\t\t\t<div class=\"elementor-column elementor-col-66 elementor-top-column elementor-element elementor-element-699c6f51\" data-id=\"699c6f51\" data-element_type=\"column\" data-e-type=\"column\">\n\t\t\t<div class=\"elementor-widget-wrap elementor-element-populated\">\n\t\t\t\t\t\t<div class=\"elementor-element elementor-element-1dbf304a elementor-widget elementor-widget-toggle\" data-id=\"1dbf304a\" data-element_type=\"widget\" data-e-type=\"widget\" data-widget_type=\"toggle.default\">\n\t\t\t\t<div class=\"elementor-widget-container\">\n\t\t\t\t\t\t\t<div class=\"elementor-toggle\">\n\t\t\t\t\t\t\t<div class=\"elementor-toggle-item\">\n\t\t\t\t\t<div id=\"elementor-tab-title-4991\" class=\"elementor-tab-title\" data-tab=\"1\" role=\"button\" aria-controls=\"elementor-tab-content-4991\" aria-expanded=\"false\">\n\t\t\t\t\t\t\t\t\t\t\t\t<span class=\"elementor-toggle-icon elementor-toggle-icon-right\" aria-hidden=\"true\">\n\t\t\t\t\t\t\t\t\t\t\t\t\t\t\t<span class=\"elementor-toggle-icon-closed\"><svg xmlns=\"http:\/\/www.w3.org\/2000\/svg\" width=\"32\" height=\"32\" viewBox=\"0 0 32 32\"><title>chevron-down<\/title><path d=\"M0 9.6c0-0.205 0.078-0.41 0.234-0.566 0.312-0.312 0.819-0.312 1.131 0l13.834 13.834 13.834-13.834c0.312-0.312 0.819-0.312 1.131 0s0.312 0.819 0 1.131l-14.4 14.4c-0.312 0.312-0.819 0.312-1.131 0l-14.4-14.4c-0.157-0.157-0.234-0.362-0.234-0.566z\"><\/path><\/svg><\/span>\n\t\t\t\t\t\t\t\t<span class=\"elementor-toggle-icon-opened\"><svg xmlns=\"http:\/\/www.w3.org\/2000\/svg\" width=\"32\" height=\"32\" viewBox=\"0 0 32 32\"><title>chevron-up<\/title><path d=\"M0 24c0 0.205 0.078 0.41 0.234 0.566 0.312 0.312 0.819 0.312 1.131 0l13.834-13.834 13.834 13.834c0.312 0.312 0.819 0.312 1.131 0s0.312-0.819 0-1.131l-14.4-14.4c-0.312-0.312-0.819-0.312-1.131 0l-14.4 14.4c-0.157 0.157-0.234 0.362-0.234 0.566z\"><\/path><\/svg><\/span>\n\t\t\t\t\t\t\t\t\t\t\t\t\t<\/span>\n\t\t\t\t\t\t\t\t\t\t\t\t<a class=\"elementor-toggle-title\" tabindex=\"0\">Principals objectius de Prim\u00e0ria<\/a>\n\t\t\t\t\t<\/div>\n\n\t\t\t\t\t<div id=\"elementor-tab-content-4991\" class=\"elementor-tab-content elementor-clearfix\" data-tab=\"1\" role=\"region\" aria-labelledby=\"elementor-tab-title-4991\"><div class=\"page\" title=\"Page 1\">\n<div class=\"layoutArea\">\n<div class=\"column\">\n<p>A <b>nivell acad\u00e8mic<\/b>, ha de refermar el proc\u00e9s lector de l&#8217;alumne, per aconseguir finalitzar l&#8217;etapa amb una s\u00f2lida mec\u00e0nica i comprensi\u00f3 dels textos. D&#8217;altra banda, \u00e9s important desenvolupar el raonament l\u00f2gic i matem\u00e0tic al costat de la comprensi\u00f3 de les operacions b\u00e0siques, la seva resoluci\u00f3 i aplicaci\u00f3 en contextos de la vida di\u00e0ria. Tamb\u00e9 treballem per assentar les bases de l&#8217;estudi personal de l&#8217;alumne, fomentant la responsabilitat, l&#8217;ordre i l&#8217;organitzaci\u00f3 amb un seguiment continuat de la realitzaci\u00f3 de tasques, deures, gesti\u00f3 del material propi, etc. El tutor t\u00e9 un paper fonamental en tota l&#8217;etapa, per fer seguiment dels progressos que porta a terme l&#8217;alumne i de les millores que caldr\u00e0 potenciar i treballar.<\/p>\n<p>A <b>nivell emocional<\/b> \u00e9s necessari que l&#8217;alumne se senti c\u00f2mode, esponjat i feli\u00e7 al Col\u00b7legi. Vetllem per despertar en els nostres alumnes el desig de ser millors, de superar-se, de sentir-se orgullosos dels seus \u00e8xits. Cada un al seu nivell i segons les seves capacitats. Tamb\u00e9 treballem la part m\u00e9s social de l&#8217;infant, des del coneixement i acceptaci\u00f3 d&#8217;un mateix fins el respecte cap als altres.<\/p>\n<\/div>\n<\/div>\n<\/div>\n<\/div>\n\t\t\t\t<\/div>\n\t\t\t\t\t\t\t<div class=\"elementor-toggle-item\">\n\t\t\t\t\t<div id=\"elementor-tab-title-4992\" class=\"elementor-tab-title\" data-tab=\"2\" role=\"button\" aria-controls=\"elementor-tab-content-4992\" aria-expanded=\"false\">\n\t\t\t\t\t\t\t\t\t\t\t\t<span class=\"elementor-toggle-icon elementor-toggle-icon-right\" aria-hidden=\"true\">\n\t\t\t\t\t\t\t\t\t\t\t\t\t\t\t<span class=\"elementor-toggle-icon-closed\"><svg xmlns=\"http:\/\/www.w3.org\/2000\/svg\" width=\"32\" height=\"32\" viewBox=\"0 0 32 32\"><title>chevron-down<\/title><path d=\"M0 9.6c0-0.205 0.078-0.41 0.234-0.566 0.312-0.312 0.819-0.312 1.131 0l13.834 13.834 13.834-13.834c0.312-0.312 0.819-0.312 1.131 0s0.312 0.819 0 1.131l-14.4 14.4c-0.312 0.312-0.819 0.312-1.131 0l-14.4-14.4c-0.157-0.157-0.234-0.362-0.234-0.566z\"><\/path><\/svg><\/span>\n\t\t\t\t\t\t\t\t<span class=\"elementor-toggle-icon-opened\"><svg xmlns=\"http:\/\/www.w3.org\/2000\/svg\" width=\"32\" height=\"32\" viewBox=\"0 0 32 32\"><title>chevron-up<\/title><path d=\"M0 24c0 0.205 0.078 0.41 0.234 0.566 0.312 0.312 0.819 0.312 1.131 0l13.834-13.834 13.834 13.834c0.312 0.312 0.819 0.312 1.131 0s0.312-0.819 0-1.131l-14.4-14.4c-0.312-0.312-0.819-0.312-1.131 0l-14.4 14.4c-0.157 0.157-0.234 0.362-0.234 0.566z\"><\/path><\/svg><\/span>\n\t\t\t\t\t\t\t\t\t\t\t\t\t<\/span>\n\t\t\t\t\t\t\t\t\t\t\t\t<a class=\"elementor-toggle-title\" tabindex=\"0\">Valors m\u00e9s importants que es treballen en cada etapa<\/a>\n\t\t\t\t\t<\/div>\n\n\t\t\t\t\t<div id=\"elementor-tab-content-4992\" class=\"elementor-tab-content elementor-clearfix\" data-tab=\"2\" role=\"region\" aria-labelledby=\"elementor-tab-title-4992\"><div class=\"page\" title=\"Page 1\">\n<div class=\"layoutArea\">\n<div class=\"column\">\n<p>At\u00e8s que \u00e9s un col\u00b7legi cat\u00f2lic treballem les virtuts cristianes com a part de la nostra vida di\u00e0ria, tant a l&#8217;escola com a la fam\u00edlia, en el context actual de la vida de cada alumne, per\u00f2 tamb\u00e9 amb una projecci\u00f3 al seu futur com a cristians, ciutadans, treballadors, pares i mares de fam\u00edlia.<\/p>\n<p>A Prim\u00e0ria creiem que \u00e9s important treballar la responsabilitat, l&#8217;ordre, l&#8217;obedi\u00e8ncia, l&#8217;alegria, l&#8217;agra\u00efment, el respecte i l&#8217;esperit de superaci\u00f3, entre d&#8217;altres virtuts.<\/p>\n<\/div>\n<\/div>\n<\/div>\n<\/div>\n\t\t\t\t<\/div>\n\t\t\t\t\t\t\t<div class=\"elementor-toggle-item\">\n\t\t\t\t\t<div id=\"elementor-tab-title-4993\" class=\"elementor-tab-title\" data-tab=\"3\" role=\"button\" aria-controls=\"elementor-tab-content-4993\" aria-expanded=\"false\">\n\t\t\t\t\t\t\t\t\t\t\t\t<span class=\"elementor-toggle-icon elementor-toggle-icon-right\" aria-hidden=\"true\">\n\t\t\t\t\t\t\t\t\t\t\t\t\t\t\t<span class=\"elementor-toggle-icon-closed\"><svg xmlns=\"http:\/\/www.w3.org\/2000\/svg\" width=\"32\" height=\"32\" viewBox=\"0 0 32 32\"><title>chevron-down<\/title><path d=\"M0 9.6c0-0.205 0.078-0.41 0.234-0.566 0.312-0.312 0.819-0.312 1.131 0l13.834 13.834 13.834-13.834c0.312-0.312 0.819-0.312 1.131 0s0.312 0.819 0 1.131l-14.4 14.4c-0.312 0.312-0.819 0.312-1.131 0l-14.4-14.4c-0.157-0.157-0.234-0.362-0.234-0.566z\"><\/path><\/svg><\/span>\n\t\t\t\t\t\t\t\t<span class=\"elementor-toggle-icon-opened\"><svg xmlns=\"http:\/\/www.w3.org\/2000\/svg\" width=\"32\" height=\"32\" viewBox=\"0 0 32 32\"><title>chevron-up<\/title><path d=\"M0 24c0 0.205 0.078 0.41 0.234 0.566 0.312 0.312 0.819 0.312 1.131 0l13.834-13.834 13.834 13.834c0.312 0.312 0.819 0.312 1.131 0s0.312-0.819 0-1.131l-14.4-14.4c-0.312-0.312-0.819-0.312-1.131 0l-14.4 14.4c-0.157 0.157-0.234 0.362-0.234 0.566z\"><\/path><\/svg><\/span>\n\t\t\t\t\t\t\t\t\t\t\t\t\t<\/span>\n\t\t\t\t\t\t\t\t\t\t\t\t<a class=\"elementor-toggle-title\" tabindex=\"0\">Perfil de l'alumne que es vol aconseguir al passar per l'etapa<\/a>\n\t\t\t\t\t<\/div>\n\n\t\t\t\t\t<div id=\"elementor-tab-content-4993\" class=\"elementor-tab-content elementor-clearfix\" data-tab=\"3\" role=\"region\" aria-labelledby=\"elementor-tab-title-4993\"><div class=\"page\" title=\"Page 1\">\n<div class=\"layoutArea\">\n<div class=\"column\">\n<p>Els alumnes que passen per Prim\u00e0ria s\u00f3n diversos en el seu car\u00e0cter, en els seus gustos, en les seves capacitats, en la seva situaci\u00f3 familiar, i des del Col\u00b7legi vetllem per despertar en tots ells anhels de millora personal a tots els nivells: acad\u00e8mic, social, personal i espiritual.<\/p>\n<p>L&#8217;alumne que acaba Prim\u00e0ria ha d&#8217;haver desenvolupat aptituds que li permetin:<\/p>\n<ul>\n<li>Ser resolutiu.<\/li>\n<li>Buscar solucions als problemes que sorgeixin.<\/li>\n<li>Amb afany de superaci\u00f3.<\/li>\n<li>For\u00e7a de voluntat per realitzar les seves obligacions.<\/li>\n<li>Capacitat per aplicar els seus coneixements en qualsevol \u00e0mbit de la vida.<\/li>\n<\/ul>\n<\/div>\n<\/div>\n<\/div>\n<\/div>\n\t\t\t\t<\/div>\n\t\t\t\t\t\t\t<div class=\"elementor-toggle-item\">\n\t\t\t\t\t<div id=\"elementor-tab-title-4994\" class=\"elementor-tab-title\" data-tab=\"4\" role=\"button\" aria-controls=\"elementor-tab-content-4994\" aria-expanded=\"false\">\n\t\t\t\t\t\t\t\t\t\t\t\t<span class=\"elementor-toggle-icon elementor-toggle-icon-right\" aria-hidden=\"true\">\n\t\t\t\t\t\t\t\t\t\t\t\t\t\t\t<span class=\"elementor-toggle-icon-closed\"><svg xmlns=\"http:\/\/www.w3.org\/2000\/svg\" width=\"32\" height=\"32\" viewBox=\"0 0 32 32\"><title>chevron-down<\/title><path d=\"M0 9.6c0-0.205 0.078-0.41 0.234-0.566 0.312-0.312 0.819-0.312 1.131 0l13.834 13.834 13.834-13.834c0.312-0.312 0.819-0.312 1.131 0s0.312 0.819 0 1.131l-14.4 14.4c-0.312 0.312-0.819 0.312-1.131 0l-14.4-14.4c-0.157-0.157-0.234-0.362-0.234-0.566z\"><\/path><\/svg><\/span>\n\t\t\t\t\t\t\t\t<span class=\"elementor-toggle-icon-opened\"><svg xmlns=\"http:\/\/www.w3.org\/2000\/svg\" width=\"32\" height=\"32\" viewBox=\"0 0 32 32\"><title>chevron-up<\/title><path d=\"M0 24c0 0.205 0.078 0.41 0.234 0.566 0.312 0.312 0.819 0.312 1.131 0l13.834-13.834 13.834 13.834c0.312 0.312 0.819 0.312 1.131 0s0.312-0.819 0-1.131l-14.4-14.4c-0.312-0.312-0.819-0.312-1.131 0l-14.4 14.4c-0.157 0.157-0.234 0.362-0.234 0.566z\"><\/path><\/svg><\/span>\n\t\t\t\t\t\t\t\t\t\t\t\t\t<\/span>\n\t\t\t\t\t\t\t\t\t\t\t\t<a class=\"elementor-toggle-title\" tabindex=\"0\">Projectes destacats de Prim\u00e0ria<\/a>\n\t\t\t\t\t<\/div>\n\n\t\t\t\t\t<div id=\"elementor-tab-content-4994\" class=\"elementor-tab-content elementor-clearfix\" data-tab=\"4\" role=\"region\" aria-labelledby=\"elementor-tab-title-4994\"><div class=\"page\" title=\"Page 2\">\n<div class=\"layoutArea\">\n<div class=\"column\">\n<ul>\n<li><strong>Bono et in virtute<\/strong>: projecte iniciat el curs passat i en construcci\u00f3, que t\u00e9 com a objectiu donar a con\u00e8ixer al nostre alumnat les diferents virtuts cristianes, i encoratjar-los a practicar-les. Cada virtut es treballa durant un o dos mesos mitjan\u00e7ant un seguit d&#8217;activitats per con\u00e8ixer-la, valorar-la i esfor\u00e7ar-se per practicar-la. Potenciant en tot aix\u00f2 la motivaci\u00f3 per fer el b\u00e9, no nom\u00e9s de manera individual sin\u00f3 tamb\u00e9 grupal.<\/li>\n<li><strong>Lectura<\/strong> &#8211; m\u00e9s motivats\/des, millors lectors\/es: Projecte per a, d&#8217;una banda, fer un seguiment m\u00e9s exhaustiu de la mec\u00e0nica i comprensi\u00f3 lectora en tots els cursos, tant en castell\u00e0 com en catal\u00e0, i de l&#8217;altra, per animar i motivar a llegir . Projecte en els seus inicis i per ara treballant en la seva primera fase.<\/li>\n<li><strong>Chess<\/strong>: amb la metodologia de Tekman els alumnes de 1r a 4t de Prim\u00e0ria aprenen a jugar als escacs en angl\u00e8s.<\/li>\n<li><strong>Rob\u00f2tica<\/strong>: cinqu\u00e8 i sis\u00e8 de Prim\u00e0ria dediquen una part del curs a treballar diferents projectes de Rob\u00f2tica amb Lego WeDo 2.0.<\/li>\n<\/ul>\n<p>Tenim altres projectes propis en construcci\u00f3 com gram\u00e0tica catalana i castellana gamificada i explorem noves metodologies per a treballar les matem\u00e0tiques com EMAT de Tekman, Jumpmath, Innovamat &#8230;<\/p>\n<\/div>\n<\/div>\n<\/div>\n<\/div>\n\t\t\t\t<\/div>\n\t\t\t\t\t\t\t<div class=\"elementor-toggle-item\">\n\t\t\t\t\t<div id=\"elementor-tab-title-4995\" class=\"elementor-tab-title\" data-tab=\"5\" role=\"button\" aria-controls=\"elementor-tab-content-4995\" aria-expanded=\"false\">\n\t\t\t\t\t\t\t\t\t\t\t\t<span class=\"elementor-toggle-icon elementor-toggle-icon-right\" aria-hidden=\"true\">\n\t\t\t\t\t\t\t\t\t\t\t\t\t\t\t<span class=\"elementor-toggle-icon-closed\"><svg xmlns=\"http:\/\/www.w3.org\/2000\/svg\" width=\"32\" height=\"32\" viewBox=\"0 0 32 32\"><title>chevron-down<\/title><path d=\"M0 9.6c0-0.205 0.078-0.41 0.234-0.566 0.312-0.312 0.819-0.312 1.131 0l13.834 13.834 13.834-13.834c0.312-0.312 0.819-0.312 1.131 0s0.312 0.819 0 1.131l-14.4 14.4c-0.312 0.312-0.819 0.312-1.131 0l-14.4-14.4c-0.157-0.157-0.234-0.362-0.234-0.566z\"><\/path><\/svg><\/span>\n\t\t\t\t\t\t\t\t<span class=\"elementor-toggle-icon-opened\"><svg xmlns=\"http:\/\/www.w3.org\/2000\/svg\" width=\"32\" height=\"32\" viewBox=\"0 0 32 32\"><title>chevron-up<\/title><path d=\"M0 24c0 0.205 0.078 0.41 0.234 0.566 0.312 0.312 0.819 0.312 1.131 0l13.834-13.834 13.834 13.834c0.312 0.312 0.819 0.312 1.131 0s0.312-0.819 0-1.131l-14.4-14.4c-0.312-0.312-0.819-0.312-1.131 0l-14.4 14.4c-0.157 0.157-0.234 0.362-0.234 0.566z\"><\/path><\/svg><\/span>\n\t\t\t\t\t\t\t\t\t\t\t\t\t<\/span>\n\t\t\t\t\t\t\t\t\t\t\t\t<a class=\"elementor-toggle-title\" tabindex=\"0\">Principals serveis<\/a>\n\t\t\t\t\t<\/div>\n\n\t\t\t\t\t<div id=\"elementor-tab-content-4995\" class=\"elementor-tab-content elementor-clearfix\" data-tab=\"5\" role=\"region\" aria-labelledby=\"elementor-tab-title-4995\"><div class=\"page\" title=\"Page 2\">\n<div class=\"layoutArea\">\n<div class=\"column\">\n<p><strong>Exteriors<\/strong>: disposem d&#8217;amplis patis amb poliesportiu. Zona de granja i jardins. En plena natura.<\/p>\n<p><strong>Aules<\/strong>: rob\u00f2tica, inform\u00e0tica, laboratori, biblioteca, teatre, m\u00fasica, dibuix, orat\u00f2ria &#8230;<\/p>\n\n<\/div>\n<\/div><\/div><\/div>\n\t\t\t\t<\/div>\n\t\t\t\t\t\t\t<div class=\"elementor-toggle-item\">\n\t\t\t\t\t<div id=\"elementor-tab-title-4996\" class=\"elementor-tab-title\" data-tab=\"6\" role=\"button\" aria-controls=\"elementor-tab-content-4996\" aria-expanded=\"false\">\n\t\t\t\t\t\t\t\t\t\t\t\t<span class=\"elementor-toggle-icon elementor-toggle-icon-right\" aria-hidden=\"true\">\n\t\t\t\t\t\t\t\t\t\t\t\t\t\t\t<span class=\"elementor-toggle-icon-closed\"><svg xmlns=\"http:\/\/www.w3.org\/2000\/svg\" width=\"32\" height=\"32\" viewBox=\"0 0 32 32\"><title>chevron-down<\/title><path d=\"M0 9.6c0-0.205 0.078-0.41 0.234-0.566 0.312-0.312 0.819-0.312 1.131 0l13.834 13.834 13.834-13.834c0.312-0.312 0.819-0.312 1.131 0s0.312 0.819 0 1.131l-14.4 14.4c-0.312 0.312-0.819 0.312-1.131 0l-14.4-14.4c-0.157-0.157-0.234-0.362-0.234-0.566z\"><\/path><\/svg><\/span>\n\t\t\t\t\t\t\t\t<span class=\"elementor-toggle-icon-opened\"><svg xmlns=\"http:\/\/www.w3.org\/2000\/svg\" width=\"32\" height=\"32\" viewBox=\"0 0 32 32\"><title>chevron-up<\/title><path d=\"M0 24c0 0.205 0.078 0.41 0.234 0.566 0.312 0.312 0.819 0.312 1.131 0l13.834-13.834 13.834 13.834c0.312 0.312 0.819 0.312 1.131 0s0.312-0.819 0-1.131l-14.4-14.4c-0.312-0.312-0.819-0.312-1.131 0l-14.4 14.4c-0.157 0.157-0.234 0.362-0.234 0.566z\"><\/path><\/svg><\/span>\n\t\t\t\t\t\t\t\t\t\t\t\t\t<\/span>\n\t\t\t\t\t\t\t\t\t\t\t\t<a class=\"elementor-toggle-title\" tabindex=\"0\">Qu\u00e8 destacaria del Col\u00b7legi CIM?<\/a>\n\t\t\t\t\t<\/div>\n\n\t\t\t\t\t<div id=\"elementor-tab-content-4996\" class=\"elementor-tab-content elementor-clearfix\" data-tab=\"6\" role=\"region\" aria-labelledby=\"elementor-tab-title-4996\"><div class=\"page\" title=\"Page 2\">\n<div class=\"layoutArea\">\n<div class=\"column\">\n<p>El Col\u00b7legi CIM t\u00e9 gaireb\u00e9 40 anys d&#8217;hist\u00f2ria i el seu principal caracter\u00edstica ha estat la que, en el seu moment va moure al seu fundador, el Pare Jos\u00e9 M\u00aa Alba: formar nens i joves amb una consci\u00e8ncia moral, professional i social. Com?<\/p>\n<ol>\n<li>\n<p>Transmetent l&#8217;exercici de les virtuts socials com ara l&#8217;esperit de servei, la lleialtat o la companyonia.<\/p>\n<\/li>\n<li>\n<p>Desenvolupant la iniciativa i creativitat de l&#8217;alumne.<\/p>\n<\/li>\n<li>\n<p>Animant-lo al vigor i serietat en els estudis.<\/p>\n<\/li>\n<li>\n<p>Vivint la caritat cristiana, no nom\u00e9s entre els seus afins, sin\u00f3 tamb\u00e9 amb els m\u00e9s necessitats.<\/p>\n<\/li>\n<\/ol>\n<p>El Col\u00b7legi Cor Immaculat de Mar\u00eda pret\u00e9n ser una segona casa per a aquelles fam\u00edlies que s&#8217;adhereixin al nostre ideari, al nostre estil pedag\u00f2gic i en general als principis d&#8217;una educaci\u00f3 cristiana.<\/p>\n<div class=\"page\" title=\"Page 3\">\n<div class=\"layoutArea\">\n<div class=\"column\">\n<p>Fam\u00edlies que siguin sinceres en aquesta adhesi\u00f3, que col\u00b7laborin estretament en l&#8217;educaci\u00f3 dels seus fills i que confi\u00efn en els criteris educatius del Col\u00b7legi.<\/p>\n<p>El Col\u00b7legi els ofereix un elenc de professionals amb aut\u00e8ntica vocaci\u00f3 docent, una seriosa i constant exig\u00e8ncia en l&#8217;estudi, la guarda de la disciplina acad\u00e8mica, practicada amb suavitat i fermesa, i un bon nivell en totes les mat\u00e8ries, perqu\u00e8 els alumnes surtin del col\u00b7legi preparats per al m\u00f3n professional.<\/p>\n<p>Aquests s\u00f3n els aspectes m\u00e9s destacables de el Col\u00b7legi CIM.<\/p>\n<\/div>\n<\/div>\n<\/div>\n<\/div>\n<\/div>\n<\/div>\n<\/div>\n\t\t\t\t<\/div>\n\t\t\t\t\t\t\t\t<\/div>\n\t\t\t\t\t\t<\/div>\n\t\t\t\t<\/div>\n\t\t\t\t\t<\/div>\n\t\t<\/div>\n\t\t\t\t<div class=\"elementor-column elementor-col-16 elementor-top-column elementor-element elementor-element-3e17a21a\" data-id=\"3e17a21a\" data-element_type=\"column\" data-e-type=\"column\">\n\t\t\t<div class=\"elementor-widget-wrap\">\n\t\t\t\t\t\t\t<\/div>\n\t\t<\/div>\n\t\t\t\t\t<\/div>\n\t\t<\/section>\n\t\t\t\t<\/div>\n\t\t","protected":false},"excerpt":{"rendered":"<p>Educaci\u00f3 Prim\u00e0ria L&#8217;etapa d&#8217;Educaci\u00f3 Prim\u00e0ria, de car\u00e0cter obligatori, acull a nens i nenes dels 6 als 12 anys. En aquesta etapa es posa la base que permetr\u00e0 aprendre de manera aut\u00f2noma al llarg de la vida. Finalitat del cicle: checkmark-circle L&#8217;expressi\u00f3 Facilitar aprenentatges com l&#8217;expressi\u00f3 i la comprensi\u00f3 oral, l&#8217;escriptura, la lectura, el c\u00e0lcul, l&#8217;adquisici\u00f3 [&hellip;]<\/p>\n","protected":false},"author":6,"featured_media":0,"parent":0,"menu_order":0,"comment_status":"closed","ping_status":"closed","template":"","meta":{"footnotes":""},"class_list":["post-892","page","type-page","status-publish","hentry"],"yoast_head":"<!-- This site is optimized with the Yoast SEO plugin v27.5 - https:\/\/yoast.com\/product\/yoast-seo-wordpress\/ -->\n<title>Educaci\u00f3 Prim\u00e0ria - Colegio Coraz\u00f3n Inmaculado de Mar\u00eda<\/title>\n<meta name=\"robots\" content=\"index, follow, max-snippet:-1, max-image-preview:large, max-video-preview:-1\" \/>\n<link rel=\"canonical\" href=\"https:\/\/colegiocim.es\/ca\/educacio-primaria\/\" \/>\n<meta property=\"og:locale\" content=\"ca_ES\" \/>\n<meta property=\"og:type\" content=\"article\" \/>\n<meta property=\"og:title\" content=\"Educaci\u00f3 Prim\u00e0ria - Colegio Coraz\u00f3n Inmaculado de Mar\u00eda\" \/>\n<meta property=\"og:description\" content=\"Educaci\u00f3 Prim\u00e0ria L&#8217;etapa d&#8217;Educaci\u00f3 Prim\u00e0ria, de car\u00e0cter obligatori, acull a nens i nenes dels 6 als 12 anys. En aquesta etapa es posa la base que permetr\u00e0 aprendre de manera aut\u00f2noma al llarg de la vida. Finalitat del cicle: checkmark-circle L&#8217;expressi\u00f3 Facilitar aprenentatges com l&#8217;expressi\u00f3 i la comprensi\u00f3 oral, l&#8217;escriptura, la lectura, el c\u00e0lcul, l&#8217;adquisici\u00f3 [&hellip;]\" \/>\n<meta property=\"og:url\" content=\"https:\/\/colegiocim.es\/ca\/educacio-primaria\/\" \/>\n<meta property=\"og:site_name\" content=\"Colegio Coraz\u00f3n Inmaculado de Mar\u00eda\" \/>\n<meta property=\"article:publisher\" content=\"https:\/\/facebook.com\/colegiocim\" \/>\n<meta property=\"article:modified_time\" content=\"2025-01-30T16:35:13+00:00\" \/>\n<meta property=\"og:image\" content=\"https:\/\/colegiocim.es\/wp-content\/uploads\/2021\/03\/Cim-173.jpg\" \/>\n\t<meta property=\"og:image:width\" content=\"1000\" \/>\n\t<meta property=\"og:image:height\" content=\"667\" \/>\n\t<meta property=\"og:image:type\" content=\"image\/jpeg\" \/>\n<meta name=\"twitter:card\" content=\"summary_large_image\" \/>\n<meta name=\"twitter:site\" content=\"@cimsentmenat\" \/>\n<meta name=\"twitter:label1\" content=\"Temps estimat de lectura\" \/>\n\t<meta name=\"twitter:data1\" content=\"5 minuts\" \/>\n<script type=\"application\/ld+json\" class=\"yoast-schema-graph\">{\"@context\":\"https:\\\/\\\/schema.org\",\"@graph\":[{\"@type\":\"WebPage\",\"@id\":\"https:\\\/\\\/colegiocim.es\\\/ca\\\/educacio-primaria\\\/\",\"url\":\"https:\\\/\\\/colegiocim.es\\\/ca\\\/educacio-primaria\\\/\",\"name\":\"Educaci\u00f3 Prim\u00e0ria - Colegio Coraz\u00f3n Inmaculado de Mar\u00eda\",\"isPartOf\":{\"@id\":\"https:\\\/\\\/colegiocim.es\\\/#website\"},\"primaryImageOfPage\":{\"@id\":\"https:\\\/\\\/colegiocim.es\\\/ca\\\/educacio-primaria\\\/#primaryimage\"},\"image\":{\"@id\":\"https:\\\/\\\/colegiocim.es\\\/ca\\\/educacio-primaria\\\/#primaryimage\"},\"thumbnailUrl\":\"https:\\\/\\\/colegiocim.es\\\/wp-content\\\/uploads\\\/2021\\\/03\\\/Cim-173.jpg\",\"datePublished\":\"2021-03-02T13:50:09+00:00\",\"dateModified\":\"2025-01-30T16:35:13+00:00\",\"breadcrumb\":{\"@id\":\"https:\\\/\\\/colegiocim.es\\\/ca\\\/educacio-primaria\\\/#breadcrumb\"},\"inLanguage\":\"ca\",\"potentialAction\":[{\"@type\":\"ReadAction\",\"target\":[\"https:\\\/\\\/colegiocim.es\\\/ca\\\/educacio-primaria\\\/\"]}]},{\"@type\":\"ImageObject\",\"inLanguage\":\"ca\",\"@id\":\"https:\\\/\\\/colegiocim.es\\\/ca\\\/educacio-primaria\\\/#primaryimage\",\"url\":\"https:\\\/\\\/colegiocim.es\\\/wp-content\\\/uploads\\\/2021\\\/03\\\/Cim-173.jpg\",\"contentUrl\":\"https:\\\/\\\/colegiocim.es\\\/wp-content\\\/uploads\\\/2021\\\/03\\\/Cim-173.jpg\"},{\"@type\":\"BreadcrumbList\",\"@id\":\"https:\\\/\\\/colegiocim.es\\\/ca\\\/educacio-primaria\\\/#breadcrumb\",\"itemListElement\":[{\"@type\":\"ListItem\",\"position\":1,\"name\":\"Portada\",\"item\":\"https:\\\/\\\/colegiocim.es\\\/ca\\\/\"},{\"@type\":\"ListItem\",\"position\":2,\"name\":\"Educaci\u00f3 Prim\u00e0ria\"}]},{\"@type\":\"WebSite\",\"@id\":\"https:\\\/\\\/colegiocim.es\\\/#website\",\"url\":\"https:\\\/\\\/colegiocim.es\\\/\",\"name\":\"Colegio Coraz\u00f3n Inmaculado de Mar\u00eda\",\"description\":\"Colegio privado cat\u00f3lico en Sentmenat\",\"publisher\":{\"@id\":\"https:\\\/\\\/colegiocim.es\\\/#organization\"},\"potentialAction\":[{\"@type\":\"SearchAction\",\"target\":{\"@type\":\"EntryPoint\",\"urlTemplate\":\"https:\\\/\\\/colegiocim.es\\\/?s={search_term_string}\"},\"query-input\":{\"@type\":\"PropertyValueSpecification\",\"valueRequired\":true,\"valueName\":\"search_term_string\"}}],\"inLanguage\":\"ca\"},{\"@type\":\"Organization\",\"@id\":\"https:\\\/\\\/colegiocim.es\\\/#organization\",\"name\":\"Colegio Coraz\u00f3n Inmaculado de Mar\u00eda\",\"url\":\"https:\\\/\\\/colegiocim.es\\\/\",\"logo\":{\"@type\":\"ImageObject\",\"inLanguage\":\"ca\",\"@id\":\"https:\\\/\\\/colegiocim.es\\\/#\\\/schema\\\/logo\\\/image\\\/\",\"url\":\"https:\\\/\\\/www.colegiocim.es\\\/wp-content\\\/uploads\\\/2021\\\/03\\\/CCIM-ESP.png\",\"contentUrl\":\"https:\\\/\\\/www.colegiocim.es\\\/wp-content\\\/uploads\\\/2021\\\/03\\\/CCIM-ESP.png\",\"width\":357,\"height\":86,\"caption\":\"Colegio Coraz\u00f3n Inmaculado de Mar\u00eda\"},\"image\":{\"@id\":\"https:\\\/\\\/colegiocim.es\\\/#\\\/schema\\\/logo\\\/image\\\/\"},\"sameAs\":[\"https:\\\/\\\/facebook.com\\\/colegiocim\",\"https:\\\/\\\/x.com\\\/cimsentmenat\"]}]}<\/script>\n<!-- \/ Yoast SEO plugin. -->","yoast_head_json":{"title":"Educaci\u00f3 Prim\u00e0ria - Colegio Coraz\u00f3n Inmaculado de Mar\u00eda","robots":{"index":"index","follow":"follow","max-snippet":"max-snippet:-1","max-image-preview":"max-image-preview:large","max-video-preview":"max-video-preview:-1"},"canonical":"https:\/\/colegiocim.es\/ca\/educacio-primaria\/","og_locale":"ca_ES","og_type":"article","og_title":"Educaci\u00f3 Prim\u00e0ria - Colegio Coraz\u00f3n Inmaculado de Mar\u00eda","og_description":"Educaci\u00f3 Prim\u00e0ria L&#8217;etapa d&#8217;Educaci\u00f3 Prim\u00e0ria, de car\u00e0cter obligatori, acull a nens i nenes dels 6 als 12 anys. En aquesta etapa es posa la base que permetr\u00e0 aprendre de manera aut\u00f2noma al llarg de la vida. Finalitat del cicle: checkmark-circle L&#8217;expressi\u00f3 Facilitar aprenentatges com l&#8217;expressi\u00f3 i la comprensi\u00f3 oral, l&#8217;escriptura, la lectura, el c\u00e0lcul, l&#8217;adquisici\u00f3 [&hellip;]","og_url":"https:\/\/colegiocim.es\/ca\/educacio-primaria\/","og_site_name":"Colegio Coraz\u00f3n Inmaculado de Mar\u00eda","article_publisher":"https:\/\/facebook.com\/colegiocim","article_modified_time":"2025-01-30T16:35:13+00:00","og_image":[{"width":1000,"height":667,"url":"https:\/\/colegiocim.es\/wp-content\/uploads\/2021\/03\/Cim-173.jpg","type":"image\/jpeg"}],"twitter_card":"summary_large_image","twitter_site":"@cimsentmenat","twitter_misc":{"Temps estimat de lectura":"5 minuts"},"schema":{"@context":"https:\/\/schema.org","@graph":[{"@type":"WebPage","@id":"https:\/\/colegiocim.es\/ca\/educacio-primaria\/","url":"https:\/\/colegiocim.es\/ca\/educacio-primaria\/","name":"Educaci\u00f3 Prim\u00e0ria - Colegio Coraz\u00f3n Inmaculado de Mar\u00eda","isPartOf":{"@id":"https:\/\/colegiocim.es\/#website"},"primaryImageOfPage":{"@id":"https:\/\/colegiocim.es\/ca\/educacio-primaria\/#primaryimage"},"image":{"@id":"https:\/\/colegiocim.es\/ca\/educacio-primaria\/#primaryimage"},"thumbnailUrl":"https:\/\/colegiocim.es\/wp-content\/uploads\/2021\/03\/Cim-173.jpg","datePublished":"2021-03-02T13:50:09+00:00","dateModified":"2025-01-30T16:35:13+00:00","breadcrumb":{"@id":"https:\/\/colegiocim.es\/ca\/educacio-primaria\/#breadcrumb"},"inLanguage":"ca","potentialAction":[{"@type":"ReadAction","target":["https:\/\/colegiocim.es\/ca\/educacio-primaria\/"]}]},{"@type":"ImageObject","inLanguage":"ca","@id":"https:\/\/colegiocim.es\/ca\/educacio-primaria\/#primaryimage","url":"https:\/\/colegiocim.es\/wp-content\/uploads\/2021\/03\/Cim-173.jpg","contentUrl":"https:\/\/colegiocim.es\/wp-content\/uploads\/2021\/03\/Cim-173.jpg"},{"@type":"BreadcrumbList","@id":"https:\/\/colegiocim.es\/ca\/educacio-primaria\/#breadcrumb","itemListElement":[{"@type":"ListItem","position":1,"name":"Portada","item":"https:\/\/colegiocim.es\/ca\/"},{"@type":"ListItem","position":2,"name":"Educaci\u00f3 Prim\u00e0ria"}]},{"@type":"WebSite","@id":"https:\/\/colegiocim.es\/#website","url":"https:\/\/colegiocim.es\/","name":"Colegio Coraz\u00f3n Inmaculado de Mar\u00eda","description":"Colegio privado cat\u00f3lico en Sentmenat","publisher":{"@id":"https:\/\/colegiocim.es\/#organization"},"potentialAction":[{"@type":"SearchAction","target":{"@type":"EntryPoint","urlTemplate":"https:\/\/colegiocim.es\/?s={search_term_string}"},"query-input":{"@type":"PropertyValueSpecification","valueRequired":true,"valueName":"search_term_string"}}],"inLanguage":"ca"},{"@type":"Organization","@id":"https:\/\/colegiocim.es\/#organization","name":"Colegio Coraz\u00f3n Inmaculado de Mar\u00eda","url":"https:\/\/colegiocim.es\/","logo":{"@type":"ImageObject","inLanguage":"ca","@id":"https:\/\/colegiocim.es\/#\/schema\/logo\/image\/","url":"https:\/\/www.colegiocim.es\/wp-content\/uploads\/2021\/03\/CCIM-ESP.png","contentUrl":"https:\/\/www.colegiocim.es\/wp-content\/uploads\/2021\/03\/CCIM-ESP.png","width":357,"height":86,"caption":"Colegio Coraz\u00f3n Inmaculado de Mar\u00eda"},"image":{"@id":"https:\/\/colegiocim.es\/#\/schema\/logo\/image\/"},"sameAs":["https:\/\/facebook.com\/colegiocim","https:\/\/x.com\/cimsentmenat"]}]}},"_links":{"self":[{"href":"https:\/\/colegiocim.es\/ca\/wp-json\/wp\/v2\/pages\/892","targetHints":{"allow":["GET"]}}],"collection":[{"href":"https:\/\/colegiocim.es\/ca\/wp-json\/wp\/v2\/pages"}],"about":[{"href":"https:\/\/colegiocim.es\/ca\/wp-json\/wp\/v2\/types\/page"}],"author":[{"embeddable":true,"href":"https:\/\/colegiocim.es\/ca\/wp-json\/wp\/v2\/users\/6"}],"replies":[{"embeddable":true,"href":"https:\/\/colegiocim.es\/ca\/wp-json\/wp\/v2\/comments?post=892"}],"version-history":[{"count":3,"href":"https:\/\/colegiocim.es\/ca\/wp-json\/wp\/v2\/pages\/892\/revisions"}],"predecessor-version":[{"id":4050,"href":"https:\/\/colegiocim.es\/ca\/wp-json\/wp\/v2\/pages\/892\/revisions\/4050"}],"wp:attachment":[{"href":"https:\/\/colegiocim.es\/ca\/wp-json\/wp\/v2\/media?parent=892"}],"curies":[{"name":"wp","href":"https:\/\/api.w.org\/{rel}","templated":true}]}}