{"id":898,"date":"2021-03-01T10:28:33","date_gmt":"2021-03-01T09:28:33","guid":{"rendered":"https:\/\/colegiocim.es\/inici\/"},"modified":"2025-01-30T17:22:35","modified_gmt":"2025-01-30T16:22:35","slug":"col-legi-catolic-privat","status":"publish","type":"page","link":"https:\/\/colegiocim.es\/ca\/","title":{"rendered":"Inici"},"content":{"rendered":"\t\t<div data-elementor-type=\"wp-page\" data-elementor-id=\"898\" class=\"elementor elementor-898 elementor-9\" data-elementor-post-type=\"page\">\n\t\t\t\t\t\t<section class=\"elementor-section elementor-top-section elementor-element elementor-element-ebbd200 elementor-section-full_width elementor-section-height-default elementor-section-height-default\" data-id=\"ebbd200\" data-element_type=\"section\" data-e-type=\"section\" data-settings=\"{&quot;shape_divider_bottom&quot;:&quot;curve&quot;,&quot;shape_divider_bottom_negative&quot;:&quot;yes&quot;}\">\n\t\t\t\t\t<div class=\"elementor-shape elementor-shape-bottom\" aria-hidden=\"true\" data-negative=\"true\">\n\t\t\t<svg xmlns=\"http:\/\/www.w3.org\/2000\/svg\" viewBox=\"0 0 1000 100\" preserveAspectRatio=\"none\">\n\t<path class=\"elementor-shape-fill\" d=\"M500,97C126.7,96.3,0.8,19.8,0,0v100l1000,0V1C1000,19.4,873.3,97.8,500,97z\"\/>\n<\/svg>\t\t<\/div>\n\t\t\t\t\t<div class=\"elementor-container elementor-column-gap-no\">\n\t\t\t\t\t<div class=\"elementor-column elementor-col-100 elementor-top-column elementor-element elementor-element-c120e0b\" data-id=\"c120e0b\" data-element_type=\"column\" data-e-type=\"column\">\n\t\t\t<div class=\"elementor-widget-wrap elementor-element-populated\">\n\t\t\t\t\t\t<div class=\"elementor-element elementor-element-d91d6be elementor--h-position-left elementor--v-position-middle elementor-arrows-position-inside elementor-widget elementor-widget-slides\" data-id=\"d91d6be\" data-element_type=\"widget\" data-e-type=\"widget\" data-settings=\"{&quot;navigation&quot;:&quot;arrows&quot;,&quot;autoplay_speed&quot;:9000,&quot;autoplay&quot;:&quot;yes&quot;,&quot;pause_on_hover&quot;:&quot;yes&quot;,&quot;pause_on_interaction&quot;:&quot;yes&quot;,&quot;infinite&quot;:&quot;yes&quot;,&quot;transition&quot;:&quot;slide&quot;,&quot;transition_speed&quot;:500}\" data-widget_type=\"slides.default\">\n\t\t\t\t<div class=\"elementor-widget-container\">\n\t\t\t\t\t\t\t\t\t<div class=\"elementor-swiper\">\n\t\t\t\t\t<div class=\"elementor-slides-wrapper elementor-main-swiper swiper\" role=\"region\" aria-roledescription=\"carousel\" aria-label=\"Diapositivas\" dir=\"ltr\" data-animation=\"fadeInUp\">\n\t\t\t\t<div class=\"swiper-wrapper elementor-slides\">\n\t\t\t\t\t\t\t\t\t\t<div class=\"elementor-repeater-item-c347603 swiper-slide\" role=\"group\" aria-roledescription=\"slide\"><div class=\"swiper-slide-bg elementor-ken-burns elementor-ken-burns--in\" role=\"img\"><\/div><div class=\"swiper-slide-inner\" ><div class=\"swiper-slide-contents\"><\/div><\/div><\/div>\t\t\t\t<\/div>\n\t\t\t\t\t\t\t<\/div>\n\t\t\t\t<\/div>\n\t\t\t\t\t\t\t\t<\/div>\n\t\t\t\t<\/div>\n\t\t\t\t\t<\/div>\n\t\t<\/div>\n\t\t\t\t\t<\/div>\n\t\t<\/section>\n\t\t\t\t<section class=\"elementor-section elementor-top-section elementor-element elementor-element-3d0bb1f elementor-section-full_width elementor-section-height-default elementor-section-height-default\" data-id=\"3d0bb1f\" data-element_type=\"section\" data-e-type=\"section\">\n\t\t\t\t\t\t<div class=\"elementor-container elementor-column-gap-default\">\n\t\t\t\t\t<div class=\"elementor-column elementor-col-20 elementor-top-column elementor-element elementor-element-754d9bf\" data-id=\"754d9bf\" data-element_type=\"column\" data-e-type=\"column\">\n\t\t\t<div class=\"elementor-widget-wrap\">\n\t\t\t\t\t\t\t<\/div>\n\t\t<\/div>\n\t\t\t\t<div class=\"elementor-column elementor-col-20 elementor-top-column elementor-element elementor-element-d8b8df2\" data-id=\"d8b8df2\" data-element_type=\"column\" data-e-type=\"column\">\n\t\t\t<div class=\"elementor-widget-wrap\">\n\t\t\t\t\t\t\t<\/div>\n\t\t<\/div>\n\t\t\t\t<div class=\"elementor-column elementor-col-20 elementor-top-column elementor-element elementor-element-c0361ad\" data-id=\"c0361ad\" data-element_type=\"column\" data-e-type=\"column\">\n\t\t\t<div class=\"elementor-widget-wrap elementor-element-populated\">\n\t\t\t\t\t\t<div class=\"elementor-element elementor-element-f15ac2e elementor-view-stacked icodestacados elementor-shape-circle elementor-position-block-start elementor-mobile-position-block-start elementor-widget elementor-widget-icon-box\" data-id=\"f15ac2e\" data-element_type=\"widget\" data-e-type=\"widget\" data-widget_type=\"icon-box.default\">\n\t\t\t\t<div class=\"elementor-widget-container\">\n\t\t\t\t\t\t\t<div class=\"elementor-icon-box-wrapper\">\n\n\t\t\t\t\t\t<div class=\"elementor-icon-box-icon\">\n\t\t\t\t<a href=\"https:\/\/colegiocim.es\/ca\/educacio-primaria\/\" class=\"elementor-icon\" tabindex=\"-1\" aria-label=\"Educaci\u00f3 Prim\u00e0ria\">\n\t\t\t\t<svg xmlns=\"http:\/\/www.w3.org\/2000\/svg\" width=\"65.66\" height=\"75.135\" viewBox=\"0 0 65.66 75.135\"><g id=\"Grupo_134\" data-name=\"Grupo 134\" transform=\"translate(-246.989 -113.358)\"><path id=\"Trazado_78\" data-name=\"Trazado 78\" d=\"M304.94,193.877H272.7a.958.958,0,0,0-.957.957v10.42a6.388,6.388,0,0,0,6.381,6.38h21.39a6.387,6.387,0,0,0,6.381-6.38v-10.42A.957.957,0,0,0,304.94,193.877Zm-31.28,1.914h30.324v2.04a4.33,4.33,0,0,1-4.326,4.324H277.984a4.329,4.329,0,0,1-4.324-4.324Zm25.856,13.929h-21.39a4.472,4.472,0,0,1-4.467-4.466v-2.945a6.206,6.206,0,0,0,4.324,1.76h21.675a6.21,6.21,0,0,0,4.326-1.76v2.945A4.472,4.472,0,0,1,299.517,209.72Z\" transform=\"translate(-9.002 -29.278)\" fill=\"#fff\"><\/path><path id=\"Trazado_79\" data-name=\"Trazado 79\" d=\"M308.768,160.375h-3.047c-.131-.381-.265-.76-.427-1.131l-5.329-12.217a16.425,16.425,0,0,0,3.72-10.374V127.3a.957.957,0,0,0-.956-.956h-8.361l1.609-9.22a3.218,3.218,0,0,0-3.169-3.769h-4.548a3.213,3.213,0,0,0-3.169,2.663l-1.8,10.327h-6.937l-1.8-10.327a3.21,3.21,0,0,0-3.169-2.663H266.83a3.218,3.218,0,0,0-3.169,3.769l1.611,9.22h-8.36a.957.957,0,0,0-.957.956v9.349a16.42,16.42,0,0,0,3.721,10.374l-5.331,12.217c-.162.372-.3.751-.426,1.131H250.87a3.885,3.885,0,0,0-3.881,3.881v12.216a9.374,9.374,0,0,0,9.362,9.363h1.031a11.442,11.442,0,0,0,7.281,2.658h30.31a11.443,11.443,0,0,0,7.281-2.658h1.031a9.374,9.374,0,0,0,9.362-9.363V164.257A3.885,3.885,0,0,0,308.768,160.375ZM286.977,116.35a1.3,1.3,0,0,1,1.284-1.077h4.548a1.3,1.3,0,0,1,1.282,1.526l-1.667,9.549h-7.192Zm-21.429.449a1.3,1.3,0,0,1,1.282-1.526h4.548a1.3,1.3,0,0,1,1.282,1.077l1.747,10h-7.192Zm-7.68,11.463h43.9v8.392a14.636,14.636,0,0,1-7.649,12.823v-.762a4.388,4.388,0,0,0-4.383-4.383h-1.57a4.388,4.388,0,0,0-4.382,4.383v2.612h-7.935v-2.612a4.388,4.388,0,0,0-4.382-4.383H269.9a4.388,4.388,0,0,0-4.383,4.383v.761a14.636,14.636,0,0,1-7.649-12.822Zm34.34,20.453v6.994a2.472,2.472,0,0,1-2.469,2.469h-1.57a2.472,2.472,0,0,1-2.469-2.469v-6.994a2.472,2.472,0,0,1,2.469-2.469h1.57A2.472,2.472,0,0,1,292.208,148.714Zm-18.269,0v6.994a2.472,2.472,0,0,1-2.469,2.469H269.9a2.472,2.472,0,0,1-2.47-2.469v-6.994a2.472,2.472,0,0,1,2.47-2.469h1.57A2.472,2.472,0,0,1,273.939,148.714ZM248.9,176.473V164.257a1.969,1.969,0,0,1,1.968-1.968H253.4a14.793,14.793,0,0,0-.286,2.871v11.78a11.445,11.445,0,0,0,2.336,6.891A7.434,7.434,0,0,1,248.9,176.473Zm15.761,10.107a9.652,9.652,0,0,1-9.641-9.641V165.16a12.8,12.8,0,0,1,1.075-5.151l4.991-11.438a16.631,16.631,0,0,0,4.427,3.041v4.1a4.387,4.387,0,0,0,4.383,4.382h1.57a4.387,4.387,0,0,0,4.382-4.382v-2.469h7.935v2.469a4.388,4.388,0,0,0,4.382,4.382h1.57a4.388,4.388,0,0,0,4.383-4.382v-4.1a16.621,16.621,0,0,0,4.427-3.041l4.99,11.438a12.8,12.8,0,0,1,1.076,5.151v11.78a9.652,9.652,0,0,1-9.641,9.641Zm46.072-10.107a7.434,7.434,0,0,1-6.542,7.357,11.445,11.445,0,0,0,2.336-6.891V165.16a14.741,14.741,0,0,0-.287-2.871h2.526a1.969,1.969,0,0,1,1.968,1.968Z\" transform=\"translate(0 0)\" fill=\"#fff\"><\/path><\/g><\/svg>\t\t\t\t<\/a>\n\t\t\t<\/div>\n\t\t\t\n\t\t\t\t\t\t<div class=\"elementor-icon-box-content\">\n\n\t\t\t\t\t\t\t\t\t<div class=\"elementor-icon-box-title\">\n\t\t\t\t\t\t<a href=\"https:\/\/colegiocim.es\/ca\/educacio-primaria\/\" >\n\t\t\t\t\t\t\tEducaci\u00f3 Prim\u00e0ria\t\t\t\t\t\t<\/a>\n\t\t\t\t\t<\/div>\n\t\t\t\t\n\t\t\t\t\t\t\t\t\t<p class=\"elementor-icon-box-description\">\n\t\t\t\t\t\tde 6 a 12 anys\t\t\t\t\t<\/p>\n\t\t\t\t\n\t\t\t<\/div>\n\t\t\t\n\t\t<\/div>\n\t\t\t\t\t\t<\/div>\n\t\t\t\t<\/div>\n\t\t\t\t\t<\/div>\n\t\t<\/div>\n\t\t\t\t<div class=\"elementor-column elementor-col-20 elementor-top-column elementor-element elementor-element-3bddf04\" data-id=\"3bddf04\" data-element_type=\"column\" data-e-type=\"column\">\n\t\t\t<div class=\"elementor-widget-wrap\">\n\t\t\t\t\t\t\t<\/div>\n\t\t<\/div>\n\t\t\t\t<div class=\"elementor-column elementor-col-20 elementor-top-column elementor-element elementor-element-0dfe81e\" data-id=\"0dfe81e\" data-element_type=\"column\" data-e-type=\"column\">\n\t\t\t<div class=\"elementor-widget-wrap\">\n\t\t\t\t\t\t\t<\/div>\n\t\t<\/div>\n\t\t\t\t\t<\/div>\n\t\t<\/section>\n\t\t\t\t<section class=\"elementor-section elementor-top-section elementor-element elementor-element-863fc0a elementor-section-content-middle elementor-section-boxed elementor-section-height-default elementor-section-height-default\" data-id=\"863fc0a\" data-element_type=\"section\" data-e-type=\"section\" data-settings=\"{&quot;background_background&quot;:&quot;classic&quot;,&quot;shape_divider_top&quot;:&quot;curve&quot;,&quot;shape_divider_top_negative&quot;:&quot;yes&quot;,&quot;shape_divider_bottom&quot;:&quot;curve&quot;,&quot;shape_divider_bottom_negative&quot;:&quot;yes&quot;}\">\n\t\t\t\t\t<div class=\"elementor-shape elementor-shape-top\" aria-hidden=\"true\" data-negative=\"true\">\n\t\t\t<svg xmlns=\"http:\/\/www.w3.org\/2000\/svg\" viewBox=\"0 0 1000 100\" preserveAspectRatio=\"none\">\n\t<path class=\"elementor-shape-fill\" d=\"M500,97C126.7,96.3,0.8,19.8,0,0v100l1000,0V1C1000,19.4,873.3,97.8,500,97z\"\/>\n<\/svg>\t\t<\/div>\n\t\t\t\t<div class=\"elementor-shape elementor-shape-bottom\" aria-hidden=\"true\" data-negative=\"true\">\n\t\t\t<svg xmlns=\"http:\/\/www.w3.org\/2000\/svg\" viewBox=\"0 0 1000 100\" preserveAspectRatio=\"none\">\n\t<path class=\"elementor-shape-fill\" d=\"M500,97C126.7,96.3,0.8,19.8,0,0v100l1000,0V1C1000,19.4,873.3,97.8,500,97z\"\/>\n<\/svg>\t\t<\/div>\n\t\t\t\t\t<div class=\"elementor-container elementor-column-gap-default\">\n\t\t\t\t\t<div class=\"elementor-column elementor-col-50 elementor-top-column elementor-element elementor-element-84ed536\" data-id=\"84ed536\" data-element_type=\"column\" data-e-type=\"column\">\n\t\t\t<div class=\"elementor-widget-wrap elementor-element-populated\">\n\t\t\t\t\t\t<div class=\"elementor-element elementor-element-0274cf0 elementor-widget elementor-widget-image\" data-id=\"0274cf0\" data-element_type=\"widget\" data-e-type=\"widget\" data-widget_type=\"image.default\">\n\t\t\t\t<div class=\"elementor-widget-container\">\n\t\t\t\t\t\t\t\t\t\t\t\t\t\t\t<img fetchpriority=\"high\" decoding=\"async\" width=\"1000\" height=\"667\" src=\"https:\/\/colegiocim.es\/wp-content\/uploads\/2021\/03\/Cim-028.jpg\" class=\"attachment-full size-full wp-image-152\" alt=\"\" srcset=\"https:\/\/colegiocim.es\/wp-content\/uploads\/2021\/03\/Cim-028.jpg 1000w, https:\/\/colegiocim.es\/wp-content\/uploads\/2021\/03\/Cim-028-300x200.jpg 300w, https:\/\/colegiocim.es\/wp-content\/uploads\/2021\/03\/Cim-028-768x512.jpg 768w\" sizes=\"(max-width: 1000px) 100vw, 1000px\" \/>\t\t\t\t\t\t\t\t\t\t\t\t\t\t\t<\/div>\n\t\t\t\t<\/div>\n\t\t\t\t\t<\/div>\n\t\t<\/div>\n\t\t\t\t<div class=\"elementor-column elementor-col-50 elementor-top-column elementor-element elementor-element-e23cddc\" data-id=\"e23cddc\" data-element_type=\"column\" data-e-type=\"column\">\n\t\t\t<div class=\"elementor-widget-wrap elementor-element-populated\">\n\t\t\t\t\t\t<div class=\"elementor-element elementor-element-08dd490 elementor-widget elementor-widget-heading\" data-id=\"08dd490\" data-element_type=\"widget\" data-e-type=\"widget\" data-widget_type=\"heading.default\">\n\t\t\t\t<div class=\"elementor-widget-container\">\n\t\t\t\t\t<span class=\"elementor-heading-title elementor-size-default\">Col\u00b7legi Cor Immaculat de Maria<\/span>\t\t\t\t<\/div>\n\t\t\t\t<\/div>\n\t\t\t\t<div class=\"elementor-element elementor-element-8cb2ede tituloizq elementor-widget elementor-widget-heading\" data-id=\"8cb2ede\" data-element_type=\"widget\" data-e-type=\"widget\" data-widget_type=\"heading.default\">\n\t\t\t\t<div class=\"elementor-widget-container\">\n\t\t\t\t\t<span class=\"elementor-heading-title elementor-size-default\">Educant per a la vida des de 1984<\/span>\t\t\t\t<\/div>\n\t\t\t\t<\/div>\n\t\t\t\t<div class=\"elementor-element elementor-element-55c3c3e elementor-widget elementor-widget-text-editor\" data-id=\"55c3c3e\" data-element_type=\"widget\" data-e-type=\"widget\" data-widget_type=\"text-editor.default\">\n\t\t\t\t<div class=\"elementor-widget-container\">\n\t\t\t\t\t\t\t\t\t<p>Un entorn privilegiat, a 30 minuts de Barcelona, al Vall\u00e9s Occidental.<\/p>\n<p>A Sentmenat trobar\u00e0s el col\u00b7legi per als teus fills. Formaci\u00f3 integral, cat\u00f2lica i humana en el Col\u00b7legi Cor Immaculat de Mar\u00eda. <\/p>\n\t\t\t\t\t\t\t\t<\/div>\n\t\t\t\t<\/div>\n\t\t\t\t<div class=\"elementor-element elementor-element-7f10693 elementor-widget elementor-widget-button\" data-id=\"7f10693\" data-element_type=\"widget\" data-e-type=\"widget\" data-widget_type=\"button.default\">\n\t\t\t\t<div class=\"elementor-widget-container\">\n\t\t\t\t\t\t\t\t\t<div class=\"elementor-button-wrapper\">\n\t\t\t\t\t<a class=\"elementor-button elementor-button-link elementor-size-xs\" href=\"https:\/\/colegiocim.es\/ca\/collegi\/\">\n\t\t\t\t\t\t<span class=\"elementor-button-content-wrapper\">\n\t\t\t\t\t\t\t\t\t<span class=\"elementor-button-text\">Veure m\u00e9s<\/span>\n\t\t\t\t\t<\/span>\n\t\t\t\t\t<\/a>\n\t\t\t\t<\/div>\n\t\t\t\t\t\t\t\t<\/div>\n\t\t\t\t<\/div>\n\t\t\t\t\t<\/div>\n\t\t<\/div>\n\t\t\t\t\t<\/div>\n\t\t<\/section>\n\t\t\t\t<section class=\"elementor-section elementor-top-section elementor-element elementor-element-31f125d elementor-section-content-middle elementor-section-boxed elementor-section-height-default elementor-section-height-default\" data-id=\"31f125d\" data-element_type=\"section\" data-e-type=\"section\">\n\t\t\t\t\t\t<div class=\"elementor-container elementor-column-gap-wide\">\n\t\t\t\t\t<div class=\"elementor-column elementor-col-100 elementor-top-column elementor-element elementor-element-35a7e7e\" data-id=\"35a7e7e\" data-element_type=\"column\" data-e-type=\"column\">\n\t\t\t<div class=\"elementor-widget-wrap elementor-element-populated\">\n\t\t\t\t\t\t<div class=\"elementor-element elementor-element-6272945 tituloizq elementor-widget elementor-widget-heading\" data-id=\"6272945\" data-element_type=\"widget\" data-e-type=\"widget\" data-widget_type=\"heading.default\">\n\t\t\t\t<div class=\"elementor-widget-container\">\n\t\t\t\t\t<span class=\"elementor-heading-title elementor-size-default\">Col\u00b7legi al dia<\/span>\t\t\t\t<\/div>\n\t\t\t\t<\/div>\n\t\t\t\t<div class=\"elementor-element elementor-element-4857d75 elementor-grid-2 elementor-grid-tablet-2 elementor-grid-mobile-1 elementor-posts--thumbnail-top elementor-card-shadow-yes elementor-posts__hover-gradient elementor-widget elementor-widget-posts\" data-id=\"4857d75\" data-element_type=\"widget\" data-e-type=\"widget\" data-settings=\"{&quot;cards_columns&quot;:&quot;2&quot;,&quot;cards_row_gap&quot;:{&quot;unit&quot;:&quot;px&quot;,&quot;size&quot;:20,&quot;sizes&quot;:[]},&quot;cards_columns_tablet&quot;:&quot;2&quot;,&quot;cards_columns_mobile&quot;:&quot;1&quot;,&quot;cards_row_gap_tablet&quot;:{&quot;unit&quot;:&quot;px&quot;,&quot;size&quot;:&quot;&quot;,&quot;sizes&quot;:[]},&quot;cards_row_gap_mobile&quot;:{&quot;unit&quot;:&quot;px&quot;,&quot;size&quot;:&quot;&quot;,&quot;sizes&quot;:[]}}\" data-widget_type=\"posts.cards\">\n\t\t\t\t<div class=\"elementor-widget-container\">\n\t\t\t\t\t\t\t<div class=\"elementor-posts-container elementor-posts elementor-posts--skin-cards elementor-grid\" role=\"list\">\n\t\t\t\t<article class=\"elementor-post elementor-grid-item post-4194 post type-post status-publish format-standard has-post-thumbnail hentry category-sense-categoria\" role=\"listitem\">\n\t\t\t<div class=\"elementor-post__card\">\n\t\t\t\t<a class=\"elementor-post__thumbnail__link\" href=\"https:\/\/colegiocim.es\/ca\/hoy-es-primer-sabado-de-mes\/\" tabindex=\"-1\" ><div class=\"elementor-post__thumbnail\"><img decoding=\"async\" width=\"600\" height=\"338\" src=\"https:\/\/colegiocim.es\/wp-content\/uploads\/2025\/02\/virgen-de-fatima.jpg\" class=\"attachment-full size-full wp-image-4196\" alt=\"\" srcset=\"https:\/\/colegiocim.es\/wp-content\/uploads\/2025\/02\/virgen-de-fatima.jpg 600w, https:\/\/colegiocim.es\/wp-content\/uploads\/2025\/02\/virgen-de-fatima-300x169.jpg 300w\" sizes=\"(max-width: 600px) 100vw, 600px\" \/><\/div><\/a>\n\t\t\t\t<div class=\"elementor-post__text\">\n\t\t\t\t<h5 class=\"elementor-post__title\">\n\t\t\t<a href=\"https:\/\/colegiocim.es\/ca\/hoy-es-primer-sabado-de-mes\/\" >\n\t\t\t\tAvui \u00e9s Primer Dissabte de mes\t\t\t<\/a>\n\t\t<\/h5>\n\t\t\t\t<div class=\"elementor-post__excerpt\">\n\t\t\t<p>En F\u00e1tima, Nuestra Se\u00f1ora anunci\u00f3 que vendr\u00eda a pedir la Comuni\u00f3n reparadora de los primeros s\u00e1bados de mes, por ser el s\u00e1bado el d\u00eda en que, desde siglos atr\u00e1s, se honraba a la Sant\u00edsima Virgen. Pero no fue hasta el 10 de diciembre de 1925 que se cumpli\u00f3 aquel anuncio. Tuvo lugar en el monasterio de Santa Dorotea, en Tuy (Pontevedra), donde se encontraba Sor Luc\u00eda.<br \/>\n\u00bfEn qu\u00e9 consiste esta devoci\u00f3n?<br \/>\nAtendiendo a la petici\u00f3n de Nuestra Se\u00f1ora, sus fieles devotos podemos consolarla cumpliendo durante cinco primeros s\u00e1bados de mes consecutivos los siguientes requisitos:<br \/>\n\u2022\tConfesi\u00f3n (preferentemente ese mismo d\u00eda).<br \/>\n\u2022\tAsistir a la Santa Misa, recibiendo la Sagrada Comuni\u00f3n con intenci\u00f3n de reparar las ofensas contra el Coraz\u00f3n Inmaculado de Mar\u00eda.<br \/>\n\u2022\tRezo del Santo Rosario.<br \/>\n\u2022\tAcompa\u00f1ar a Nuestra Se\u00f1ora al menos quince minutos, meditando los misterios del Rosario.<br \/>\n\u00bfPor qu\u00e9 en s\u00e1bado?<br \/>\nSanto Tom\u00e1s de Aquino dec\u00eda que el s\u00e1bado siguiente al Viernes Santo, la \u00fanica que permaneci\u00f3 firme en su fe fue Mar\u00eda, y por eso la Iglesia, para honrarla, le dedica ese d\u00eda.<br \/>\nPromesas vinculadas a esta devoci\u00f3n<br \/>\nNuestra Se\u00f1ora realiz\u00f3 una significativa promesa:<br \/>\n\u00abMira, hija m\u00eda, mi Coraz\u00f3n, cercado de espinas que los hombres ingratos me clavan continuamente con blasfemias e ingratitudes. T\u00fa, al menos, procura consolarme y di que todos aquellos que, durante cinco meses, en el Primer S\u00e1bado, se confiesen, reciban la Sagrada Comuni\u00f3n, recen el Rosario y me hagan quince minutos de compa\u00f1\u00eda, meditando en los quince misterios del Rosario, con el fin de desagraviarme, Yo prometo asistirles en la hora de la muerte con todas las gracias necesarias para la salvaci\u00f3n de estas almas\u00bb.<br \/>\nSin embargo, la raz\u00f3n principal de esta devoci\u00f3n debe ser el deseo de consolar al Coraz\u00f3n Inmaculado de Mar\u00eda a trav\u00e9s de la reparaci\u00f3n y el deseo de agradar m\u00e1s y mejor al Se\u00f1or. <\/p>\n\t\t<\/div>\n\t\t\n\t\t<a class=\"elementor-post__read-more\" href=\"https:\/\/colegiocim.es\/ca\/hoy-es-primer-sabado-de-mes\/\" aria-label=\"Read more about Avui \u00e9s Primer Dissabte de mes\" tabindex=\"-1\" >\n\t\t\tLlegir m\u00e9s\t\t<\/a>\n\n\t\t\t\t<\/div>\n\t\t\t\t\t<\/div>\n\t\t<\/article>\n\t\t\t\t<article class=\"elementor-post elementor-grid-item post-4189 post type-post status-publish format-standard has-post-thumbnail hentry category-sense-categoria\" role=\"listitem\">\n\t\t\t<div class=\"elementor-post__card\">\n\t\t\t\t<a class=\"elementor-post__thumbnail__link\" href=\"https:\/\/colegiocim.es\/ca\/elementor-1\/\" tabindex=\"-1\" ><div class=\"elementor-post__thumbnail\"><img decoding=\"async\" width=\"200\" height=\"283\" src=\"https:\/\/colegiocim.es\/wp-content\/uploads\/2025\/01\/chesterton-1.jpg\" class=\"attachment-full size-full wp-image-4178\" alt=\"\" \/><\/div><\/a>\n\t\t\t\t<div class=\"elementor-post__text\">\n\t\t\t\t<h5 class=\"elementor-post__title\">\n\t\t\t<a href=\"https:\/\/colegiocim.es\/ca\/elementor-1\/\" >\n\t\t\t\tChesterton y la Educaci\u00f3n\t\t\t<\/a>\n\t\t<\/h5>\n\t\t\t\t<div class=\"elementor-post__excerpt\">\n\t\t\t<p>&#8220;Todos los educadores son absolutamente dogm\u00e1ticos y autoritarios. No puede<\/p>\n\t\t<\/div>\n\t\t\n\t\t<a class=\"elementor-post__read-more\" href=\"https:\/\/colegiocim.es\/ca\/elementor-1\/\" aria-label=\"Read more about Chesterton y la Educaci\u00f3n\" tabindex=\"-1\" >\n\t\t\tLlegir m\u00e9s\t\t<\/a>\n\n\t\t\t\t<\/div>\n\t\t\t\t\t<\/div>\n\t\t<\/article>\n\t\t\t\t<\/div>\n\t\t\n\t\t\t\t\t\t<\/div>\n\t\t\t\t<\/div>\n\t\t\t\t<div class=\"elementor-element elementor-element-95046af elementor-align-left elementor-widget elementor-widget-button\" data-id=\"95046af\" data-element_type=\"widget\" data-e-type=\"widget\" data-widget_type=\"button.default\">\n\t\t\t\t<div class=\"elementor-widget-container\">\n\t\t\t\t\t\t\t\t\t<div class=\"elementor-button-wrapper\">\n\t\t\t\t\t<a class=\"elementor-button elementor-button-link elementor-size-xs\" href=\"https:\/\/colegiocim.es\/ca\/noticies\/\">\n\t\t\t\t\t\t<span class=\"elementor-button-content-wrapper\">\n\t\t\t\t\t\t\t\t\t<span class=\"elementor-button-text\">Veure m\u00e9s not\u00edcies<\/span>\n\t\t\t\t\t<\/span>\n\t\t\t\t\t<\/a>\n\t\t\t\t<\/div>\n\t\t\t\t\t\t\t\t<\/div>\n\t\t\t\t<\/div>\n\t\t\t\t\t<\/div>\n\t\t<\/div>\n\t\t\t\t\t<\/div>\n\t\t<\/section>\n\t\t\t\t<\/div>\n\t\t","protected":false},"excerpt":{"rendered":"<p>Educaci\u00f3 Prim\u00e0ria de 6 a 12 anys Col\u00b7legi Cor Immaculat de Maria Educant per a la vida des de 1984 Un entorn privilegiat, a 30 minuts de Barcelona, al Vall\u00e9s Occidental. A Sentmenat trobar\u00e0s el col\u00b7legi per als teus fills. Formaci\u00f3 integral, cat\u00f2lica i humana en el Col\u00b7legi Cor Immaculat de Mar\u00eda. Veure m\u00e9s Col\u00b7legi [&hellip;]<\/p>\n","protected":false},"author":6,"featured_media":0,"parent":0,"menu_order":0,"comment_status":"closed","ping_status":"closed","template":"","meta":{"footnotes":""},"class_list":["post-898","page","type-page","status-publish","hentry"],"yoast_head":"<!-- This site is optimized with the Yoast SEO plugin v27.5 - https:\/\/yoast.com\/product\/yoast-seo-wordpress\/ -->\n<title>Cor Immaculat de Maria | Col\u00b7legi cat\u00f2lic privat a Sentmenat<\/title>\n<meta name=\"description\" content=\"Cor Immaculat de Maria, Col\u00b7legi cat\u00f2lic privat a Sentmenat. El Regnat del Cor Immaculat de Maria \u00e9s l&#039;ideari del Col\u00b7legi.\" \/>\n<meta name=\"robots\" content=\"index, follow, max-snippet:-1, max-image-preview:large, max-video-preview:-1\" \/>\n<link rel=\"canonical\" href=\"https:\/\/colegiocim.es\/ca\/\" \/>\n<meta property=\"og:locale\" content=\"ca_ES\" \/>\n<meta property=\"og:type\" content=\"article\" \/>\n<meta property=\"og:title\" content=\"Cor Immaculat de Maria | Col\u00b7legi cat\u00f2lic privat a Sentmenat\" \/>\n<meta property=\"og:description\" content=\"Cor Immaculat de Maria, Col\u00b7legi cat\u00f2lic privat a Sentmenat. El Regnat del Cor Immaculat de Maria \u00e9s l&#039;ideari del Col\u00b7legi.\" \/>\n<meta property=\"og:url\" content=\"https:\/\/colegiocim.es\/ca\/\" \/>\n<meta property=\"og:site_name\" content=\"Colegio Coraz\u00f3n Inmaculado de Mar\u00eda\" \/>\n<meta property=\"article:publisher\" content=\"https:\/\/facebook.com\/colegiocim\" \/>\n<meta property=\"article:modified_time\" content=\"2025-01-30T16:22:35+00:00\" \/>\n<meta property=\"og:image\" content=\"https:\/\/colegiocim.es\/wp-content\/uploads\/2021\/03\/Cim-028.jpg\" \/>\n\t<meta property=\"og:image:width\" content=\"1000\" \/>\n\t<meta property=\"og:image:height\" content=\"667\" \/>\n\t<meta property=\"og:image:type\" content=\"image\/jpeg\" \/>\n<meta name=\"twitter:card\" content=\"summary_large_image\" \/>\n<meta name=\"twitter:site\" content=\"@cimsentmenat\" \/>\n<meta name=\"twitter:label1\" content=\"Temps estimat de lectura\" \/>\n\t<meta name=\"twitter:data1\" content=\"2 minuts\" \/>\n<script type=\"application\/ld+json\" class=\"yoast-schema-graph\">{\"@context\":\"https:\\\/\\\/schema.org\",\"@graph\":[{\"@type\":\"WebPage\",\"@id\":\"https:\\\/\\\/colegiocim.es\\\/ca\\\/\",\"url\":\"https:\\\/\\\/colegiocim.es\\\/ca\\\/\",\"name\":\"Cor Immaculat de Maria | Col\u00b7legi cat\u00f2lic privat a Sentmenat\",\"isPartOf\":{\"@id\":\"https:\\\/\\\/colegiocim.es\\\/#website\"},\"primaryImageOfPage\":{\"@id\":\"https:\\\/\\\/colegiocim.es\\\/ca\\\/#primaryimage\"},\"image\":{\"@id\":\"https:\\\/\\\/colegiocim.es\\\/ca\\\/#primaryimage\"},\"thumbnailUrl\":\"https:\\\/\\\/colegiocim.es\\\/wp-content\\\/uploads\\\/2021\\\/03\\\/Cim-028.jpg\",\"datePublished\":\"2021-03-01T09:28:33+00:00\",\"dateModified\":\"2025-01-30T16:22:35+00:00\",\"description\":\"Cor Immaculat de Maria, Col\u00b7legi cat\u00f2lic privat a Sentmenat. El Regnat del Cor Immaculat de Maria \u00e9s l'ideari del Col\u00b7legi.\",\"breadcrumb\":{\"@id\":\"https:\\\/\\\/colegiocim.es\\\/ca\\\/#breadcrumb\"},\"inLanguage\":\"ca\",\"potentialAction\":[{\"@type\":\"ReadAction\",\"target\":[\"https:\\\/\\\/colegiocim.es\\\/ca\\\/\"]}]},{\"@type\":\"ImageObject\",\"inLanguage\":\"ca\",\"@id\":\"https:\\\/\\\/colegiocim.es\\\/ca\\\/#primaryimage\",\"url\":\"https:\\\/\\\/colegiocim.es\\\/wp-content\\\/uploads\\\/2021\\\/03\\\/Cim-028.jpg\",\"contentUrl\":\"https:\\\/\\\/colegiocim.es\\\/wp-content\\\/uploads\\\/2021\\\/03\\\/Cim-028.jpg\"},{\"@type\":\"BreadcrumbList\",\"@id\":\"https:\\\/\\\/colegiocim.es\\\/ca\\\/#breadcrumb\",\"itemListElement\":[{\"@type\":\"ListItem\",\"position\":1,\"name\":\"Portada\",\"item\":\"https:\\\/\\\/colegiocim.es\\\/ca\\\/\"},{\"@type\":\"ListItem\",\"position\":2,\"name\":\"Inici\"}]},{\"@type\":\"WebSite\",\"@id\":\"https:\\\/\\\/colegiocim.es\\\/#website\",\"url\":\"https:\\\/\\\/colegiocim.es\\\/\",\"name\":\"Colegio Coraz\u00f3n Inmaculado de Mar\u00eda\",\"description\":\"Colegio privado cat\u00f3lico en Sentmenat\",\"publisher\":{\"@id\":\"https:\\\/\\\/colegiocim.es\\\/#organization\"},\"potentialAction\":[{\"@type\":\"SearchAction\",\"target\":{\"@type\":\"EntryPoint\",\"urlTemplate\":\"https:\\\/\\\/colegiocim.es\\\/?s={search_term_string}\"},\"query-input\":{\"@type\":\"PropertyValueSpecification\",\"valueRequired\":true,\"valueName\":\"search_term_string\"}}],\"inLanguage\":\"ca\"},{\"@type\":\"Organization\",\"@id\":\"https:\\\/\\\/colegiocim.es\\\/#organization\",\"name\":\"Colegio Coraz\u00f3n Inmaculado de Mar\u00eda\",\"url\":\"https:\\\/\\\/colegiocim.es\\\/\",\"logo\":{\"@type\":\"ImageObject\",\"inLanguage\":\"ca\",\"@id\":\"https:\\\/\\\/colegiocim.es\\\/#\\\/schema\\\/logo\\\/image\\\/\",\"url\":\"https:\\\/\\\/www.colegiocim.es\\\/wp-content\\\/uploads\\\/2021\\\/03\\\/CCIM-ESP.png\",\"contentUrl\":\"https:\\\/\\\/www.colegiocim.es\\\/wp-content\\\/uploads\\\/2021\\\/03\\\/CCIM-ESP.png\",\"width\":357,\"height\":86,\"caption\":\"Colegio Coraz\u00f3n Inmaculado de Mar\u00eda\"},\"image\":{\"@id\":\"https:\\\/\\\/colegiocim.es\\\/#\\\/schema\\\/logo\\\/image\\\/\"},\"sameAs\":[\"https:\\\/\\\/facebook.com\\\/colegiocim\",\"https:\\\/\\\/x.com\\\/cimsentmenat\"]}]}<\/script>\n<!-- \/ Yoast SEO plugin. -->","yoast_head_json":{"title":"Cor Immaculat de Maria | Col\u00b7legi cat\u00f2lic privat a Sentmenat","description":"Cor Immaculat de Maria, Col\u00b7legi cat\u00f2lic privat a Sentmenat. El Regnat del Cor Immaculat de Maria \u00e9s l'ideari del Col\u00b7legi.","robots":{"index":"index","follow":"follow","max-snippet":"max-snippet:-1","max-image-preview":"max-image-preview:large","max-video-preview":"max-video-preview:-1"},"canonical":"https:\/\/colegiocim.es\/ca\/","og_locale":"ca_ES","og_type":"article","og_title":"Cor Immaculat de Maria | Col\u00b7legi cat\u00f2lic privat a Sentmenat","og_description":"Cor Immaculat de Maria, Col\u00b7legi cat\u00f2lic privat a Sentmenat. El Regnat del Cor Immaculat de Maria \u00e9s l'ideari del Col\u00b7legi.","og_url":"https:\/\/colegiocim.es\/ca\/","og_site_name":"Colegio Coraz\u00f3n Inmaculado de Mar\u00eda","article_publisher":"https:\/\/facebook.com\/colegiocim","article_modified_time":"2025-01-30T16:22:35+00:00","og_image":[{"width":1000,"height":667,"url":"https:\/\/colegiocim.es\/wp-content\/uploads\/2021\/03\/Cim-028.jpg","type":"image\/jpeg"}],"twitter_card":"summary_large_image","twitter_site":"@cimsentmenat","twitter_misc":{"Temps estimat de lectura":"2 minuts"},"schema":{"@context":"https:\/\/schema.org","@graph":[{"@type":"WebPage","@id":"https:\/\/colegiocim.es\/ca\/","url":"https:\/\/colegiocim.es\/ca\/","name":"Cor Immaculat de Maria | Col\u00b7legi cat\u00f2lic privat a Sentmenat","isPartOf":{"@id":"https:\/\/colegiocim.es\/#website"},"primaryImageOfPage":{"@id":"https:\/\/colegiocim.es\/ca\/#primaryimage"},"image":{"@id":"https:\/\/colegiocim.es\/ca\/#primaryimage"},"thumbnailUrl":"https:\/\/colegiocim.es\/wp-content\/uploads\/2021\/03\/Cim-028.jpg","datePublished":"2021-03-01T09:28:33+00:00","dateModified":"2025-01-30T16:22:35+00:00","description":"Cor Immaculat de Maria, Col\u00b7legi cat\u00f2lic privat a Sentmenat. El Regnat del Cor Immaculat de Maria \u00e9s l'ideari del Col\u00b7legi.","breadcrumb":{"@id":"https:\/\/colegiocim.es\/ca\/#breadcrumb"},"inLanguage":"ca","potentialAction":[{"@type":"ReadAction","target":["https:\/\/colegiocim.es\/ca\/"]}]},{"@type":"ImageObject","inLanguage":"ca","@id":"https:\/\/colegiocim.es\/ca\/#primaryimage","url":"https:\/\/colegiocim.es\/wp-content\/uploads\/2021\/03\/Cim-028.jpg","contentUrl":"https:\/\/colegiocim.es\/wp-content\/uploads\/2021\/03\/Cim-028.jpg"},{"@type":"BreadcrumbList","@id":"https:\/\/colegiocim.es\/ca\/#breadcrumb","itemListElement":[{"@type":"ListItem","position":1,"name":"Portada","item":"https:\/\/colegiocim.es\/ca\/"},{"@type":"ListItem","position":2,"name":"Inici"}]},{"@type":"WebSite","@id":"https:\/\/colegiocim.es\/#website","url":"https:\/\/colegiocim.es\/","name":"Colegio Coraz\u00f3n Inmaculado de Mar\u00eda","description":"Colegio privado cat\u00f3lico en Sentmenat","publisher":{"@id":"https:\/\/colegiocim.es\/#organization"},"potentialAction":[{"@type":"SearchAction","target":{"@type":"EntryPoint","urlTemplate":"https:\/\/colegiocim.es\/?s={search_term_string}"},"query-input":{"@type":"PropertyValueSpecification","valueRequired":true,"valueName":"search_term_string"}}],"inLanguage":"ca"},{"@type":"Organization","@id":"https:\/\/colegiocim.es\/#organization","name":"Colegio Coraz\u00f3n Inmaculado de Mar\u00eda","url":"https:\/\/colegiocim.es\/","logo":{"@type":"ImageObject","inLanguage":"ca","@id":"https:\/\/colegiocim.es\/#\/schema\/logo\/image\/","url":"https:\/\/www.colegiocim.es\/wp-content\/uploads\/2021\/03\/CCIM-ESP.png","contentUrl":"https:\/\/www.colegiocim.es\/wp-content\/uploads\/2021\/03\/CCIM-ESP.png","width":357,"height":86,"caption":"Colegio Coraz\u00f3n Inmaculado de Mar\u00eda"},"image":{"@id":"https:\/\/colegiocim.es\/#\/schema\/logo\/image\/"},"sameAs":["https:\/\/facebook.com\/colegiocim","https:\/\/x.com\/cimsentmenat"]}]}},"_links":{"self":[{"href":"https:\/\/colegiocim.es\/ca\/wp-json\/wp\/v2\/pages\/898","targetHints":{"allow":["GET"]}}],"collection":[{"href":"https:\/\/colegiocim.es\/ca\/wp-json\/wp\/v2\/pages"}],"about":[{"href":"https:\/\/colegiocim.es\/ca\/wp-json\/wp\/v2\/types\/page"}],"author":[{"embeddable":true,"href":"https:\/\/colegiocim.es\/ca\/wp-json\/wp\/v2\/users\/6"}],"replies":[{"embeddable":true,"href":"https:\/\/colegiocim.es\/ca\/wp-json\/wp\/v2\/comments?post=898"}],"version-history":[{"count":24,"href":"https:\/\/colegiocim.es\/ca\/wp-json\/wp\/v2\/pages\/898\/revisions"}],"predecessor-version":[{"id":4034,"href":"https:\/\/colegiocim.es\/ca\/wp-json\/wp\/v2\/pages\/898\/revisions\/4034"}],"wp:attachment":[{"href":"https:\/\/colegiocim.es\/ca\/wp-json\/wp\/v2\/media?parent=898"}],"curies":[{"name":"wp","href":"https:\/\/api.w.org\/{rel}","templated":true}]}}